{"id":966,"date":"2021-02-23T23:34:36","date_gmt":"2021-02-23T23:34:36","guid":{"rendered":"https:\/\/www.consejoderectores.cl\/?page_id=966"},"modified":"2024-01-19T11:02:54","modified_gmt":"2024-01-19T11:02:54","slug":"brasil","status":"publish","type":"page","link":"https:\/\/consejoderectores.cl\/en\/vinculos-internacionales-old\/convenios-internacionales-cruch\/brasil\/","title":{"rendered":"Brazil"},"content":{"rendered":"<div class=\"vce-row-container\" data-vce-boxed-width=\"true\"><div class=\"vce-row vce-row--col-gap-30 cont-inter vce-row-equal-height vce-row-content--top\" id=\"el-72fd8827\" data-vce-do-apply=\"all el-72fd8827\"><div class=\"vce-row-content\" data-vce-element-content=\"true\"><div class=\"vce-col vce-col--md-100p vce-col--xs-1 vce-col--xs-last vce-col--xs-first vce-col--sm-last vce-col--sm-first vce-col--md-last vce-col--lg-last vce-col--xl-last vce-col--md-first vce-col--lg-first vce-col--xl-first\" id=\"el-d2a6f869\"><div class=\"vce-col-inner\" data-vce-do-apply=\"border margin background  el-d2a6f869\"><div class=\"vce-col-content\" data-vce-element-content=\"true\" data-vce-do-apply=\"padding el-d2a6f869\"><div class=\"vce-row-container\" data-vce-boxed-width=\"true\"><div class=\"vce-row vce-row--col-gap-30 vce-row-equal-height vce-row-content--top\" id=\"el-147fe08d\" data-vce-do-apply=\"all el-147fe08d\"><div class=\"vce-row-content\" data-vce-element-content=\"true\"><div class=\"vce-col vce-col--md-auto vce-col--xs-1 vce-col--xs-last vce-col--xs-first vce-col--sm-last vce-col--sm-first vce-col--md-last vce-col--lg-last vce-col--xl-last vce-col--md-first vce-col--lg-first vce-col--xl-first\" id=\"el-62c12b96\"><div class=\"vce-col-inner\" data-vce-do-apply=\"border margin background  el-62c12b96\"><div class=\"vce-col-content\" data-vce-element-content=\"true\" data-vce-do-apply=\"padding el-62c12b96\"><div class=\"vce-row-container\" data-vce-boxed-width=\"true\"><div class=\"vce-row vce-row--col-gap-30 vce-row-equal-height vce-row-content--top\" id=\"el-64cc8020\" data-vce-do-apply=\"all el-64cc8020\"><div class=\"vce-row-content\" data-vce-element-content=\"true\"><div class=\"vce-col vce-col--md-100p vce-col--xs-1 vce-col--xs-last vce-col--xs-first vce-col--sm-last vce-col--sm-first vce-col--md-last vce-col--lg-last vce-col--xl-last vce-col--md-first vce-col--lg-first vce-col--xl-first\" id=\"el-532f308c\"><div class=\"vce-col-inner\" data-vce-do-apply=\"border margin background  el-532f308c\"><div class=\"vce-col-content\" data-vce-element-content=\"true\" data-vce-do-apply=\"padding el-532f308c\"><div class=\"vce-row-container\" data-vce-boxed-width=\"true\"><div class=\"vce-row vce-row--col-gap-30 vce-row-equal-height vce-row-content--top\" id=\"el-06c83861\" data-vce-do-apply=\"all el-06c83861\"><div class=\"vce-row-content\" data-vce-element-content=\"true\"><div class=\"vce-col vce-col--md-100-px vce-col--xs-1 vce-col--xs-last vce-col--xs-first vce-col--sm-last vce-col--sm-first vce-col--md-first vce-col--lg-first vce-col--xl-first\" id=\"el-a2d83ca1\"><div class=\"vce-col-inner\" data-vce-do-apply=\"border margin background  el-a2d83ca1\"><div class=\"vce-col-content\" data-vce-element-content=\"true\" data-vce-do-apply=\"padding el-a2d83ca1\"><div class=\"vce-single-image-container vce-single-image--align-left\"><div class=\"vce vce-single-image-wrapper\" id=\"el-aecd74e4\" data-vce-do-apply=\"all el-aecd74e4\"><figure><div class=\"vce-single-image-figure-inner\" style=\"width: 190px;\"><div class=\"vce-single-image-inner vce-single-image--absolute\" style=\"width: 100%; padding-bottom: 57.8947%;\"><img loading=\"lazy\" decoding=\"async\" class=\"vce-single-image\"  width=\"190\" height=\"110\" srcset=\"https:\/\/consejoderectores.cl\/wp-content\/uploads\/2024\/01\/flag-br-190x110.jpg 190w\" src=\"https:\/\/consejoderectores.cl\/wp-content\/uploads\/2024\/01\/flag-br-190x110.jpg\" data-img-src=\"https:\/\/consejoderectores.cl\/wp-content\/uploads\/2021\/02\/flag-br.jpg\" data-attachment-id=\"918\"  alt=\"\" title=\"flag-br\" \/><\/div><\/div><figcaption hidden=\"\"><\/figcaption><\/figure><\/div><\/div><\/div><\/div><\/div><div class=\"vce-col vce-col--md-auto vce-col--xs-1 vce-col--xs-last vce-col--xs-first vce-col--sm-last vce-col--sm-first vce-col--md-last vce-col--lg-last vce-col--xl-last\" id=\"el-4da6f8fc\"><div class=\"vce-col-inner\" data-vce-do-apply=\"border margin background  el-4da6f8fc\"><div class=\"vce-col-content\" data-vce-element-content=\"true\" data-vce-do-apply=\"padding el-4da6f8fc\"><div class=\"vce-text-block country-subtitles\"><div class=\"vce-text-block-wrapper vce\" id=\"el-a02739ee\" data-vce-do-apply=\"all el-a02739ee\"><p>ACUERDOS DE COOPERACION ACAD\u00c9MICA<\/p><h4>ENTRE CHILE Y BRASIL<\/h4><\/div><\/div><\/div><\/div><\/div><\/div><\/div><\/div><div class=\"vce-text-block country-subtitles\"><div class=\"vce-text-block-wrapper vce\" id=\"el-98a0c422\" data-vce-do-apply=\"all el-98a0c422\"><p>Conselho de Reitores das Universidades Brasileiras - CRUB - <a href=\"http:\/\/www.crub.org.br\" target=\"_blank\" rel=\"noopener\">http:\/\/www.crub.org.br<\/a>.<\/p><\/div><\/div><div class=\"vce-raw-html\"><div class=\"vce-raw-html-wrapper\" id=\"el-0f20b2db\" data-vce-do-apply=\"all el-0f20b2db\"><div class=\"mod-acuerdos\">\n\t<div class=\"mod-content\">\n\t\t<h5>Descargar PDF<\/h5>\n\t\t<div class=\"row-doc\">\n\t\t\t<a href=\"https:\/\/www.consejoderectores.cl\/wp-content\/uploads\/convenio-internacional\/conv_bra_esp.pdf\">\n\t\t\t\t<div class=\"icon-doc\"><i class=\"fal fa-file-pdf\"><\/i><\/div>\n\t\t\t\t<div class=\"title-doc\">\n\t\t\t\t\t<h6>9 de Agosto de 2005<\/h6>\n\t\t\t\t\t<p>Convenio Marco de Cooperaci\u00f3n Acad\u00e9mica entre el Consejo de Rectores de las Universidades Brasile\u00f1as y el H. Consejo de Rectores de las Universidades Chilenas (versi\u00f3n en espa\u00f1ol).<\/p>\n\t\t\t\t<\/div>\n\t\t\t<\/a>\n\t\t<\/div>\t\n\t\t<div class=\"row-doc\">\n\t\t\t<a href=\"https:\/\/www.consejoderectores.cl\/wp-content\/uploads\/convenio-internacional\/ANXO_ESP_BRASIL.pdf\">\n\t\t\t\t<div class=\"icon-doc\"><i class=\"fal fa-file-pdf\"><\/i><\/div>\n\t\t\t\t<div class=\"title-doc\">\n\t\t\t\t\t<h6>9 de Agosto de 2005<\/h6>\n\t\t\t\t\t<p>Anexo I y II (versi\u00f3n en espa\u00f1ol).<\/p>\n\t\t\t\t<\/div>\n\t\t\t<\/a>\n\t\t<\/div>\n\t\t<div class=\"row-doc\">\n\t\t\t<a href=\"https:\/\/www.consejoderectores.cl\/wp-content\/uploads\/convenio-internacional\/conv_bra_bra.pdf\">\n\t\t\t\t<div class=\"icon-doc\"><i class=\"fal fa-file-pdf\"><\/i><\/div>\n\t\t\t\t<div class=\"title-doc\">\n\t\t\t\t\t<h6>9 de Agosto de 2005<\/h6>\n\t\t\t\t\t<p>Conv\u00eanio Marco de Coopera\u00e7ao Acad\u00eamica que entre si celebram o Conselho de Reitores das Universidades Brasileiras e o H. Conselho de Reitores das Universidades Chilenas (versi\u00f3n en portugu\u00e9s).<\/p>\n\t\t\t\t<\/div>\n\t\t\t<\/a>\n\t\t<\/div>\n\t\t<div class=\"row-doc\">\n\t\t\t<a href=\"https:\/\/www.consejoderectores.cl\/wp-content\/uploads\/convenio-internacional\/conv_bra_bra2.pdf\">\n\t\t\t\t<div class=\"icon-doc\"><i class=\"fal fa-file-pdf\"><\/i><\/div>\n\t\t\t\t<div class=\"title-doc\">\n\t\t\t\t\t<p>Anexo I y II (versi\u00f3n en portugu\u00e9s).<\/p>\n\t\t\t\t<\/div>\n\t\t\t<\/a>\n\t\t<\/div>\n\t\t<div class=\"row-doc\">\n\t\t\t<a href=\"https:\/\/www.consejoderectores.cl\/wp-content\/uploads\/convenio-internacional\/convenio_Coimbra_CRUCH2017.pdf\">\n\t\t\t\t<div class=\"icon-doc\"><i class=\"fal fa-file-pdf\"><\/i><\/div>\n\t\t\t\t<div class=\"title-doc\">\n\t\t\t\t\t<h6>16 de Marzo 2017<\/h6>\n\t\t\t\t\t<p>Acuerdo de Cooperaci\u00f3n entre el Consejo de Rectores de las Universidades Chilenas (CRUCH) y Grupo COIMBRA de Universidades Brasile\u00f1as (GCUB) \/ Versi\u00f3n Espa\u00f1ol.<\/p>\n\t\t\t\t<\/div>\n\t\t\t<\/a>\n\t\t<\/div>\n\t\t<div class=\"row-doc\">\n\t\t\t<a href=\"https:\/\/www.consejoderectores.cl\/wp-content\/uploads\/convenio-internacional\/Acordo_Geral_de_CRUCH_[PORT].pdf\">\n\t\t\t\t<div class=\"icon-doc\"><i class=\"fal fa-file-pdf\"><\/i><\/div>\n\t\t\t\t<div class=\"title-doc\">\n\t\t\t\t\t<p>Acordo de Cooperacao entre o Grupo COIMBRA de Universidades Brasileiras (GCUB) e o Consejo de Rectores de las Universidades Chilenas (CRUCH) \/ Versi\u00f3n Portugues.<\/p>\n\t\t\t\t<\/div>\n\t\t\t<\/a>\n\t\t<\/div>\n\t<\/div>\n<\/div><\/div><\/div><\/div><\/div><\/div><\/div><\/div><\/div><\/div><\/div><\/div><\/div><\/div><\/div><\/div><\/div><\/div><\/div><\/div><\/div>\n","protected":false},"excerpt":{"rendered":"<p>ACUERDOS DE COOPERACION ACAD\u00c9MICAENTRE CHILE Y BRASILConselho de Reitores das Universidades Brasileiras &#8211; CRUB &#8211; http:\/\/www.crub.org.br. Descargar PDF 9 de Agosto de 2005 Convenio Marco de Cooperaci\u00f3n Acad\u00e9mica entre el Consejo de Rectores de las Universidades Brasile\u00f1as y el H. Consejo de Rectores de las Universidades Chilenas (versi\u00f3n en espa\u00f1ol). 9 de Agosto de 2005 [&hellip;]<\/p>\n","protected":false},"author":1,"featured_media":0,"parent":907,"menu_order":0,"comment_status":"closed","ping_status":"closed","template":"page-header.php","meta":{"_acf_changed":false,"footnotes":""},"class_list":["post-966","page","type-page","status-publish","hentry"],"acf":[],"yoast_head":"<!-- This site is optimized with the Yoast SEO plugin v27.1.1 - https:\/\/yoast.com\/product\/yoast-seo-wordpress\/ -->\n<title>Brasil - Consejo de Rectoras y Rectores de las Universidades Chilenas<\/title>\n<meta name=\"robots\" content=\"index, follow, max-snippet:-1, max-image-preview:large, max-video-preview:-1\" \/>\n<link rel=\"canonical\" href=\"https:\/\/consejoderectores.cl\/en\/vinculos-internacionales-old\/convenios-internacionales-cruch\/brasil\/\" \/>\n<meta property=\"og:locale\" content=\"en_US\" \/>\n<meta property=\"og:type\" content=\"article\" \/>\n<meta property=\"og:title\" content=\"Brasil - Consejo de Rectoras y Rectores de las Universidades Chilenas\" \/>\n<meta property=\"og:description\" content=\"ACUERDOS DE COOPERACION ACAD\u00c9MICAENTRE CHILE Y BRASILConselho de Reitores das Universidades Brasileiras - CRUB - http:\/\/www.crub.org.br. Descargar PDF 9 de Agosto de 2005 Convenio Marco de Cooperaci\u00f3n Acad\u00e9mica entre el Consejo de Rectores de las Universidades Brasile\u00f1as y el H. Consejo de Rectores de las Universidades Chilenas (versi\u00f3n en espa\u00f1ol). 9 de Agosto de 2005 [&hellip;]\" \/>\n<meta property=\"og:url\" content=\"https:\/\/consejoderectores.cl\/en\/vinculos-internacionales-old\/convenios-internacionales-cruch\/brasil\/\" \/>\n<meta property=\"og:site_name\" content=\"Consejo de Rectoras y Rectores de las Universidades Chilenas\" \/>\n<meta property=\"article:modified_time\" content=\"2024-01-19T11:02:54+00:00\" \/>\n<meta name=\"twitter:card\" content=\"summary_large_image\" \/>\n<meta name=\"twitter:site\" content=\"@CRUCH_cl\" \/>\n<meta name=\"twitter:label1\" content=\"Est. reading time\" \/>\n\t<meta name=\"twitter:data1\" content=\"1 minute\" \/>\n<script type=\"application\/ld+json\" class=\"yoast-schema-graph\">{\"@context\":\"https:\/\/schema.org\",\"@graph\":[{\"@type\":\"WebPage\",\"@id\":\"https:\/\/consejoderectores.cl\/vinculos-internacionales-old\/convenios-internacionales-cruch\/brasil\/\",\"url\":\"https:\/\/consejoderectores.cl\/vinculos-internacionales-old\/convenios-internacionales-cruch\/brasil\/\",\"name\":\"Brasil - Consejo de Rectoras y Rectores de las Universidades Chilenas\",\"isPartOf\":{\"@id\":\"https:\/\/consejoderectores.cl\/en\/#website\"},\"datePublished\":\"2021-02-23T23:34:36+00:00\",\"dateModified\":\"2024-01-19T11:02:54+00:00\",\"breadcrumb\":{\"@id\":\"https:\/\/consejoderectores.cl\/vinculos-internacionales-old\/convenios-internacionales-cruch\/brasil\/#breadcrumb\"},\"inLanguage\":\"en-US\",\"potentialAction\":[{\"@type\":\"ReadAction\",\"target\":[\"https:\/\/consejoderectores.cl\/vinculos-internacionales-old\/convenios-internacionales-cruch\/brasil\/\"]}]},{\"@type\":\"BreadcrumbList\",\"@id\":\"https:\/\/consejoderectores.cl\/vinculos-internacionales-old\/convenios-internacionales-cruch\/brasil\/#breadcrumb\",\"itemListElement\":[{\"@type\":\"ListItem\",\"position\":1,\"name\":\"Home\",\"item\":\"https:\/\/consejoderectores.cl\/\"},{\"@type\":\"ListItem\",\"position\":2,\"name\":\"V\u00ednculos Internacionales OLD\",\"item\":\"https:\/\/consejoderectores.cl\/vinculos-internacionales-old\/\"},{\"@type\":\"ListItem\",\"position\":3,\"name\":\"Convenios Internacionales CRUCH\",\"item\":\"https:\/\/consejoderectores.cl\/vinculos-internacionales-old\/convenios-internacionales-cruch\/\"},{\"@type\":\"ListItem\",\"position\":4,\"name\":\"Brasil\"}]},{\"@type\":\"WebSite\",\"@id\":\"https:\/\/consejoderectores.cl\/en\/#website\",\"url\":\"https:\/\/consejoderectores.cl\/en\/\",\"name\":\"Consejo de Rectoras y Rectores de las Universidades Chilenas\",\"description\":\"\",\"publisher\":{\"@id\":\"https:\/\/consejoderectores.cl\/en\/#organization\"},\"potentialAction\":[{\"@type\":\"SearchAction\",\"target\":{\"@type\":\"EntryPoint\",\"urlTemplate\":\"https:\/\/consejoderectores.cl\/en\/?s={search_term_string}\"},\"query-input\":{\"@type\":\"PropertyValueSpecification\",\"valueRequired\":true,\"valueName\":\"search_term_string\"}}],\"inLanguage\":\"en-US\"},{\"@type\":\"Organization\",\"@id\":\"https:\/\/consejoderectores.cl\/en\/#organization\",\"name\":\"Consejo de Rectoras y Rectores de las Universidades Chilenas\",\"url\":\"https:\/\/consejoderectores.cl\/en\/\",\"logo\":{\"@type\":\"ImageObject\",\"inLanguage\":\"en-US\",\"@id\":\"https:\/\/consejoderectores.cl\/en\/#\/schema\/logo\/image\/\",\"url\":\"https:\/\/consejoderectores.cl\/wp-content\/uploads\/2025\/12\/logoheader_2025.png\",\"contentUrl\":\"https:\/\/consejoderectores.cl\/wp-content\/uploads\/2025\/12\/logoheader_2025.png\",\"width\":666,\"height\":305,\"caption\":\"Consejo de Rectoras y Rectores de las Universidades Chilenas\"},\"image\":{\"@id\":\"https:\/\/consejoderectores.cl\/en\/#\/schema\/logo\/image\/\"},\"sameAs\":[\"https:\/\/x.com\/CRUCH_cl\",\"https:\/\/www.instagram.com\/consejoderectores\/\",\"https:\/\/www.linkedin.com\/company\/cruch\/\",\"https:\/\/www.youtube.com\/channel\/UCzgIFRCsDlKoFpimiQmEaOA\"]}]}<\/script>\n<!-- \/ Yoast SEO plugin. -->","yoast_head_json":{"title":"Brasil - Consejo de Rectoras y Rectores de las Universidades Chilenas","robots":{"index":"index","follow":"follow","max-snippet":"max-snippet:-1","max-image-preview":"max-image-preview:large","max-video-preview":"max-video-preview:-1"},"canonical":"https:\/\/consejoderectores.cl\/en\/vinculos-internacionales-old\/convenios-internacionales-cruch\/brasil\/","og_locale":"en_US","og_type":"article","og_title":"Brasil - Consejo de Rectoras y Rectores de las Universidades Chilenas","og_description":"ACUERDOS DE COOPERACION ACAD\u00c9MICAENTRE CHILE Y BRASILConselho de Reitores das Universidades Brasileiras - CRUB - http:\/\/www.crub.org.br. Descargar PDF 9 de Agosto de 2005 Convenio Marco de Cooperaci\u00f3n Acad\u00e9mica entre el Consejo de Rectores de las Universidades Brasile\u00f1as y el H. Consejo de Rectores de las Universidades Chilenas (versi\u00f3n en espa\u00f1ol). 9 de Agosto de 2005 [&hellip;]","og_url":"https:\/\/consejoderectores.cl\/en\/vinculos-internacionales-old\/convenios-internacionales-cruch\/brasil\/","og_site_name":"Consejo de Rectoras y Rectores de las Universidades Chilenas","article_modified_time":"2024-01-19T11:02:54+00:00","twitter_card":"summary_large_image","twitter_site":"@CRUCH_cl","twitter_misc":{"Est. reading time":"1 minute"},"schema":{"@context":"https:\/\/schema.org","@graph":[{"@type":"WebPage","@id":"https:\/\/consejoderectores.cl\/vinculos-internacionales-old\/convenios-internacionales-cruch\/brasil\/","url":"https:\/\/consejoderectores.cl\/vinculos-internacionales-old\/convenios-internacionales-cruch\/brasil\/","name":"Brasil - Consejo de Rectoras y Rectores de las Universidades Chilenas","isPartOf":{"@id":"https:\/\/consejoderectores.cl\/en\/#website"},"datePublished":"2021-02-23T23:34:36+00:00","dateModified":"2024-01-19T11:02:54+00:00","breadcrumb":{"@id":"https:\/\/consejoderectores.cl\/vinculos-internacionales-old\/convenios-internacionales-cruch\/brasil\/#breadcrumb"},"inLanguage":"en-US","potentialAction":[{"@type":"ReadAction","target":["https:\/\/consejoderectores.cl\/vinculos-internacionales-old\/convenios-internacionales-cruch\/brasil\/"]}]},{"@type":"BreadcrumbList","@id":"https:\/\/consejoderectores.cl\/vinculos-internacionales-old\/convenios-internacionales-cruch\/brasil\/#breadcrumb","itemListElement":[{"@type":"ListItem","position":1,"name":"Home","item":"https:\/\/consejoderectores.cl\/"},{"@type":"ListItem","position":2,"name":"V\u00ednculos Internacionales OLD","item":"https:\/\/consejoderectores.cl\/vinculos-internacionales-old\/"},{"@type":"ListItem","position":3,"name":"Convenios Internacionales CRUCH","item":"https:\/\/consejoderectores.cl\/vinculos-internacionales-old\/convenios-internacionales-cruch\/"},{"@type":"ListItem","position":4,"name":"Brasil"}]},{"@type":"WebSite","@id":"https:\/\/consejoderectores.cl\/en\/#website","url":"https:\/\/consejoderectores.cl\/en\/","name":"Council of Rectors of Chilean Universities","description":"","publisher":{"@id":"https:\/\/consejoderectores.cl\/en\/#organization"},"potentialAction":[{"@type":"SearchAction","target":{"@type":"EntryPoint","urlTemplate":"https:\/\/consejoderectores.cl\/en\/?s={search_term_string}"},"query-input":{"@type":"PropertyValueSpecification","valueRequired":true,"valueName":"search_term_string"}}],"inLanguage":"en-US"},{"@type":"Organization","@id":"https:\/\/consejoderectores.cl\/en\/#organization","name":"Council of Rectors of Chilean Universities","url":"https:\/\/consejoderectores.cl\/en\/","logo":{"@type":"ImageObject","inLanguage":"en-US","@id":"https:\/\/consejoderectores.cl\/en\/#\/schema\/logo\/image\/","url":"https:\/\/consejoderectores.cl\/wp-content\/uploads\/2025\/12\/logoheader_2025.png","contentUrl":"https:\/\/consejoderectores.cl\/wp-content\/uploads\/2025\/12\/logoheader_2025.png","width":666,"height":305,"caption":"Consejo de Rectoras y Rectores de las Universidades Chilenas"},"image":{"@id":"https:\/\/consejoderectores.cl\/en\/#\/schema\/logo\/image\/"},"sameAs":["https:\/\/x.com\/CRUCH_cl","https:\/\/www.instagram.com\/consejoderectores\/","https:\/\/www.linkedin.com\/company\/cruch\/","https:\/\/www.youtube.com\/channel\/UCzgIFRCsDlKoFpimiQmEaOA"]}]}},"_links":{"self":[{"href":"https:\/\/consejoderectores.cl\/en\/wp-json\/wp\/v2\/pages\/966","targetHints":{"allow":["GET"]}}],"collection":[{"href":"https:\/\/consejoderectores.cl\/en\/wp-json\/wp\/v2\/pages"}],"about":[{"href":"https:\/\/consejoderectores.cl\/en\/wp-json\/wp\/v2\/types\/page"}],"author":[{"embeddable":true,"href":"https:\/\/consejoderectores.cl\/en\/wp-json\/wp\/v2\/users\/1"}],"replies":[{"embeddable":true,"href":"https:\/\/consejoderectores.cl\/en\/wp-json\/wp\/v2\/comments?post=966"}],"version-history":[{"count":8,"href":"https:\/\/consejoderectores.cl\/en\/wp-json\/wp\/v2\/pages\/966\/revisions"}],"predecessor-version":[{"id":9130,"href":"https:\/\/consejoderectores.cl\/en\/wp-json\/wp\/v2\/pages\/966\/revisions\/9130"}],"up":[{"embeddable":true,"href":"https:\/\/consejoderectores.cl\/en\/wp-json\/wp\/v2\/pages\/907"}],"wp:attachment":[{"href":"https:\/\/consejoderectores.cl\/en\/wp-json\/wp\/v2\/media?parent=966"}],"curies":[{"name":"wp","href":"https:\/\/api.w.org\/{rel}","templated":true}]}}