{"id":958,"date":"2021-02-23T21:38:52","date_gmt":"2021-02-23T21:38:52","guid":{"rendered":"https:\/\/www.consejoderectores.cl\/?page_id=958"},"modified":"2024-02-19T14:54:40","modified_gmt":"2024-02-19T14:54:40","slug":"belgica","status":"publish","type":"page","link":"https:\/\/consejoderectores.cl\/en\/vinculos-internacionales-old\/convenios-internacionales-cruch\/belgica\/","title":{"rendered":"Belgium"},"content":{"rendered":"<div class=\"vce-row-container\" data-vce-boxed-width=\"true\"><div class=\"vce-row vce-row--col-gap-30 cont-inter vce-row-equal-height vce-row-content--top\" id=\"el-72fd8827\" data-vce-do-apply=\"all el-72fd8827\"><div class=\"vce-row-content\" data-vce-element-content=\"true\"><div class=\"vce-col vce-col--md-100p vce-col--xs-1 vce-col--xs-last vce-col--xs-first vce-col--sm-last vce-col--sm-first vce-col--md-last vce-col--lg-last vce-col--xl-last vce-col--md-first vce-col--lg-first vce-col--xl-first\" id=\"el-d2a6f869\"><div class=\"vce-col-inner\" data-vce-do-apply=\"border margin background  el-d2a6f869\"><div class=\"vce-col-content\" data-vce-element-content=\"true\" data-vce-do-apply=\"padding el-d2a6f869\"><div class=\"vce-row-container\" data-vce-boxed-width=\"true\"><div class=\"vce-row vce-row--col-gap-30 vce-row-equal-height vce-row-content--top\" id=\"el-147fe08d\" data-vce-do-apply=\"all el-147fe08d\"><div class=\"vce-row-content\" data-vce-element-content=\"true\"><div class=\"vce-col vce-col--md-auto vce-col--xs-1 vce-col--xs-last vce-col--xs-first vce-col--sm-last vce-col--sm-first vce-col--md-last vce-col--lg-last vce-col--xl-last vce-col--md-first vce-col--lg-first vce-col--xl-first\" id=\"el-62c12b96\"><div class=\"vce-col-inner\" data-vce-do-apply=\"border margin background  el-62c12b96\"><div class=\"vce-col-content\" data-vce-element-content=\"true\" data-vce-do-apply=\"padding el-62c12b96\"><div class=\"vce-row-container\" data-vce-boxed-width=\"true\"><div class=\"vce-row vce-row--col-gap-30 vce-row-equal-height vce-row-content--top\" id=\"el-64cc8020\" data-vce-do-apply=\"all el-64cc8020\"><div class=\"vce-row-content\" data-vce-element-content=\"true\"><div class=\"vce-col vce-col--md-100p vce-col--xs-1 vce-col--xs-last vce-col--xs-first vce-col--sm-last vce-col--sm-first vce-col--md-last vce-col--lg-last vce-col--xl-last vce-col--md-first vce-col--lg-first vce-col--xl-first\" id=\"el-532f308c\"><div class=\"vce-col-inner\" data-vce-do-apply=\"border margin background  el-532f308c\"><div class=\"vce-col-content\" data-vce-element-content=\"true\" data-vce-do-apply=\"padding el-532f308c\"><div class=\"vce-row-container\" data-vce-boxed-width=\"true\"><div class=\"vce-row vce-row--col-gap-30 vce-row-equal-height vce-row-content--top\" id=\"el-1858ff23\" data-vce-do-apply=\"all el-1858ff23\"><div class=\"vce-row-content\" data-vce-element-content=\"true\"><div class=\"vce-col vce-col--md-100-px vce-col--xs-1 vce-col--xs-last vce-col--xs-first vce-col--sm-last vce-col--sm-first vce-col--md-first vce-col--lg-first vce-col--xl-first\" id=\"el-f7febc60\"><div class=\"vce-col-inner\" data-vce-do-apply=\"border margin background  el-f7febc60\"><div class=\"vce-col-content\" data-vce-element-content=\"true\" data-vce-do-apply=\"padding el-f7febc60\"><div class=\"vce-single-image-container vce-single-image--align-left\"><div class=\"vce vce-single-image-wrapper\" id=\"el-45ad30f4\" data-vce-do-apply=\"all el-45ad30f4\"><figure><div class=\"vce-single-image-figure-inner\" style=\"width: 190px;\"><div class=\"vce-single-image-inner vce-single-image--absolute\" style=\"width: 100%; padding-bottom: 57.8947%;\"><img loading=\"lazy\" decoding=\"async\" class=\"vce-single-image\"  width=\"190\" height=\"110\" srcset=\"https:\/\/consejoderectores.cl\/wp-content\/uploads\/2024\/02\/flag-be-190x110.jpg 190w\" src=\"https:\/\/consejoderectores.cl\/wp-content\/uploads\/2024\/02\/flag-be-190x110.jpg\" data-img-src=\"https:\/\/consejoderectores.cl\/wp-content\/uploads\/2021\/02\/flag-be.jpg\" data-attachment-id=\"916\"  alt=\"\" title=\"flag-be\" \/><\/div><\/div><figcaption hidden=\"\"><\/figcaption><\/figure><\/div><\/div><\/div><\/div><\/div><div class=\"vce-col vce-col--md-auto vce-col--xs-1 vce-col--xs-last vce-col--xs-first vce-col--sm-last vce-col--sm-first vce-col--md-last vce-col--lg-last vce-col--xl-last\" id=\"el-6319029b\"><div class=\"vce-col-inner\" data-vce-do-apply=\"border margin background  el-6319029b\"><div class=\"vce-col-content\" data-vce-element-content=\"true\" data-vce-do-apply=\"padding el-6319029b\"><div class=\"vce-text-block country-subtitles\"><div class=\"vce-text-block-wrapper vce\" id=\"el-a02739ee\" data-vce-do-apply=\"all el-a02739ee\">COMMUNITY DOCTORAL COLLEGE\n<h4>FRENCH FROM BELGIUM - CHILE<\/h4><\/div><\/div><\/div><\/div><\/div><\/div><\/div><\/div><div class=\"vce-text-block country-subtitles\"><div class=\"vce-text-block-wrapper vce\" id=\"el-98a0c422\" data-vce-do-apply=\"all el-98a0c422\"><p>This program is aimed at regular doctoral students at a Chilean university belonging to the CRUCH (Council of Rectors of Chilean Universities) who are currently working on their doctoral thesis. Upon completion of their stay, students will be eligible to obtain a dual degree, from both their home Chilean university and the host institution in Belgium.<\/p><\/div><\/div><div class=\"vce-raw-html\"><div class=\"vce-raw-html-wrapper\" id=\"el-0f20b2db\" data-vce-do-apply=\"all el-0f20b2db\"><div class=\"mod-acuerdos\">\n\t<div class=\"mod-content\">\n\t\t<h5>Download pdf<\/h5>\n\t\t<div class=\"row-doc\">\n\t\t\t<a href=\"https:\/\/www.consejoderectores.cl\/wp-content\/uploads\/convenio-internacional\/actaAdicionalBelgicaEs.pdf\">\n\t\t\t\t<div class=\"icon-doc\"><i class=\"fal fa-file-pdf\"><\/i><\/div>\n\t\t\t\t<div class=\"title-doc\">\n\t\t\t\t\t<h6>May 2, 2007<\/h6>\n\t\t\t\t\t<p>Additional Act to the Framework Agreement between the Council of Rectors of Chilean Universities (CRUCH) and the Council of Rectors of Francophone Universities of Belgium (CRef)<\/p>\n\t\t\t\t<\/div>\n\t\t\t<\/a>\n\t\t<\/div>\t\n\t\t<div class=\"row-doc\">\n\t\t\t<a href=\"https:\/\/www.consejoderectores.cl\/wp-content\/uploads\/convenio-internacional\/convenio_belgica_castellano.pdf\">\n\t\t\t\t<div class=\"icon-doc\"><i class=\"fal fa-file-pdf\"><\/i><\/div>\n\t\t\t\t<div class=\"title-doc\">\n\t\t\t\t\t<h6>January 10, 2007<\/h6>\n\t\t\t\t\t<p>Framework Agreement between the Council of Rectors of Chilean Universities (CRUCH) and the Council of Rectors of Francophone Universities of Belgium (CRef)<\/p>\n\t\t\t\t<\/div>\n\t\t\t<\/a>\n\t\t<\/div>\n\t\t<div class=\"row-doc\">\n\t\t\t<a href=\"https:\/\/www.consejoderectores.cl\/wp-content\/uploads\/convenio-internacional\/actaAdicionalBelgicaFr.pdf\">\n\t\t\t\t<div class=\"icon-doc\"><i class=\"fal fa-file-pdf\"><\/i><\/div>\n\t\t\t\t<div class=\"title-doc\">\n\t\t\t\t\t<h6>May 2, 2007<\/h6>\n\t\t\t\t\t<p>Avenant \u00e0 la Convention-Cadre between the Conseil des Recteurs des Universit\u00e9s Chiliennes (CRUCH) and the Conseil des Recteurs des Universit\u00e9s Francophones de Belgique (CRef)<\/p>\n\t\t\t\t<\/div>\n\t\t\t<\/a>\n\t\t<\/div>\n\t\t<div class=\"row-doc\">\n\t\t\t<a href=\"https:\/\/www.consejoderectores.cl\/wp-content\/uploads\/convenio-internacional\/convenio_belgica_frances.pdf\">\n\t\t\t\t<div class=\"icon-doc\"><i class=\"fal fa-file-pdf\"><\/i><\/div>\n\t\t\t\t<div class=\"title-doc\">\n\t\t\t\t\t<h6>January 10, 2007<\/h6>\n\t\t\t\t\t<p>Convention-Cadre between the Conseil des Recteurs des Universit\u00e9s Chiliennes (CRUCH) and the Conseil des Recteurs des Universit\u00e9s Francophones de Belgique (CRef)<\/p>\n\t\t\t\t<\/div>\n\t\t\t<\/a>\n\t\t<\/div>\n\t<\/div>\n<\/div><\/div><\/div><\/div><\/div><\/div><\/div><\/div><\/div><\/div><\/div><\/div><\/div><\/div><\/div><\/div><\/div><\/div><\/div><\/div><\/div>","protected":false},"excerpt":{"rendered":"<p>COLEGIO DOCTORAL COMUNIDAD FRANCESA DE B\u00c9LGICA &#8211; CHILEPrograma dirigido a alumnos regulares de un doctorado en una universidad chilena perteneciente al CRUCH, que se encuentre en proceso de su tesis doctoral. Al finalizar su estad\u00eda, el alumno podr\u00e1 acceder a la obtenci\u00f3n de un doble grado acad\u00e9mico, tanto de la universidad chilena de origen como [&hellip;]<\/p>\n","protected":false},"author":1,"featured_media":0,"parent":907,"menu_order":0,"comment_status":"closed","ping_status":"closed","template":"page-header.php","meta":{"_acf_changed":false,"footnotes":""},"class_list":["post-958","page","type-page","status-publish","hentry"],"acf":[],"yoast_head":"<!-- This site is optimized with the Yoast SEO plugin v27.1.1 - https:\/\/yoast.com\/product\/yoast-seo-wordpress\/ -->\n<title>B\u00e9lgica - Consejo de Rectoras y Rectores de las Universidades Chilenas<\/title>\n<meta name=\"robots\" content=\"index, follow, max-snippet:-1, max-image-preview:large, max-video-preview:-1\" \/>\n<link rel=\"canonical\" href=\"https:\/\/consejoderectores.cl\/en\/vinculos-internacionales-old\/convenios-internacionales-cruch\/belgica\/\" \/>\n<meta property=\"og:locale\" content=\"en_US\" \/>\n<meta property=\"og:type\" content=\"article\" \/>\n<meta property=\"og:title\" content=\"B\u00e9lgica - Consejo de Rectoras y Rectores de las Universidades Chilenas\" \/>\n<meta property=\"og:description\" content=\"COLEGIO DOCTORAL COMUNIDAD FRANCESA DE B\u00c9LGICA - CHILEPrograma dirigido a alumnos regulares de un doctorado en una universidad chilena perteneciente al CRUCH, que se encuentre en proceso de su tesis doctoral. Al finalizar su estad\u00eda, el alumno podr\u00e1 acceder a la obtenci\u00f3n de un doble grado acad\u00e9mico, tanto de la universidad chilena de origen como [&hellip;]\" \/>\n<meta property=\"og:url\" content=\"https:\/\/consejoderectores.cl\/en\/vinculos-internacionales-old\/convenios-internacionales-cruch\/belgica\/\" \/>\n<meta property=\"og:site_name\" content=\"Consejo de Rectoras y Rectores de las Universidades Chilenas\" \/>\n<meta property=\"article:modified_time\" content=\"2024-02-19T14:54:40+00:00\" \/>\n<meta name=\"twitter:card\" content=\"summary_large_image\" \/>\n<meta name=\"twitter:site\" content=\"@CRUCH_cl\" \/>\n<meta name=\"twitter:label1\" content=\"Est. reading time\" \/>\n\t<meta name=\"twitter:data1\" content=\"1 minute\" \/>\n<script type=\"application\/ld+json\" class=\"yoast-schema-graph\">{\"@context\":\"https:\/\/schema.org\",\"@graph\":[{\"@type\":\"WebPage\",\"@id\":\"https:\/\/consejoderectores.cl\/vinculos-internacionales-old\/convenios-internacionales-cruch\/belgica\/\",\"url\":\"https:\/\/consejoderectores.cl\/vinculos-internacionales-old\/convenios-internacionales-cruch\/belgica\/\",\"name\":\"B\u00e9lgica - Consejo de Rectoras y Rectores de las Universidades Chilenas\",\"isPartOf\":{\"@id\":\"https:\/\/consejoderectores.cl\/en\/#website\"},\"datePublished\":\"2021-02-23T21:38:52+00:00\",\"dateModified\":\"2024-02-19T14:54:40+00:00\",\"breadcrumb\":{\"@id\":\"https:\/\/consejoderectores.cl\/vinculos-internacionales-old\/convenios-internacionales-cruch\/belgica\/#breadcrumb\"},\"inLanguage\":\"en-US\",\"potentialAction\":[{\"@type\":\"ReadAction\",\"target\":[\"https:\/\/consejoderectores.cl\/vinculos-internacionales-old\/convenios-internacionales-cruch\/belgica\/\"]}]},{\"@type\":\"BreadcrumbList\",\"@id\":\"https:\/\/consejoderectores.cl\/vinculos-internacionales-old\/convenios-internacionales-cruch\/belgica\/#breadcrumb\",\"itemListElement\":[{\"@type\":\"ListItem\",\"position\":1,\"name\":\"Home\",\"item\":\"https:\/\/consejoderectores.cl\/\"},{\"@type\":\"ListItem\",\"position\":2,\"name\":\"V\u00ednculos Internacionales OLD\",\"item\":\"https:\/\/consejoderectores.cl\/vinculos-internacionales-old\/\"},{\"@type\":\"ListItem\",\"position\":3,\"name\":\"Convenios Internacionales CRUCH\",\"item\":\"https:\/\/consejoderectores.cl\/vinculos-internacionales-old\/convenios-internacionales-cruch\/\"},{\"@type\":\"ListItem\",\"position\":4,\"name\":\"B\u00e9lgica\"}]},{\"@type\":\"WebSite\",\"@id\":\"https:\/\/consejoderectores.cl\/en\/#website\",\"url\":\"https:\/\/consejoderectores.cl\/en\/\",\"name\":\"Consejo de Rectoras y Rectores de las Universidades Chilenas\",\"description\":\"\",\"publisher\":{\"@id\":\"https:\/\/consejoderectores.cl\/en\/#organization\"},\"potentialAction\":[{\"@type\":\"SearchAction\",\"target\":{\"@type\":\"EntryPoint\",\"urlTemplate\":\"https:\/\/consejoderectores.cl\/en\/?s={search_term_string}\"},\"query-input\":{\"@type\":\"PropertyValueSpecification\",\"valueRequired\":true,\"valueName\":\"search_term_string\"}}],\"inLanguage\":\"en-US\"},{\"@type\":\"Organization\",\"@id\":\"https:\/\/consejoderectores.cl\/en\/#organization\",\"name\":\"Consejo de Rectoras y Rectores de las Universidades Chilenas\",\"url\":\"https:\/\/consejoderectores.cl\/en\/\",\"logo\":{\"@type\":\"ImageObject\",\"inLanguage\":\"en-US\",\"@id\":\"https:\/\/consejoderectores.cl\/en\/#\/schema\/logo\/image\/\",\"url\":\"https:\/\/consejoderectores.cl\/wp-content\/uploads\/2025\/12\/logoheader_2025.png\",\"contentUrl\":\"https:\/\/consejoderectores.cl\/wp-content\/uploads\/2025\/12\/logoheader_2025.png\",\"width\":666,\"height\":305,\"caption\":\"Consejo de Rectoras y Rectores de las Universidades Chilenas\"},\"image\":{\"@id\":\"https:\/\/consejoderectores.cl\/en\/#\/schema\/logo\/image\/\"},\"sameAs\":[\"https:\/\/x.com\/CRUCH_cl\",\"https:\/\/www.instagram.com\/consejoderectores\/\",\"https:\/\/www.linkedin.com\/company\/cruch\/\",\"https:\/\/www.youtube.com\/channel\/UCzgIFRCsDlKoFpimiQmEaOA\"]}]}<\/script>\n<!-- \/ Yoast SEO plugin. -->","yoast_head_json":{"title":"B\u00e9lgica - Consejo de Rectoras y Rectores de las Universidades Chilenas","robots":{"index":"index","follow":"follow","max-snippet":"max-snippet:-1","max-image-preview":"max-image-preview:large","max-video-preview":"max-video-preview:-1"},"canonical":"https:\/\/consejoderectores.cl\/en\/vinculos-internacionales-old\/convenios-internacionales-cruch\/belgica\/","og_locale":"en_US","og_type":"article","og_title":"B\u00e9lgica - Consejo de Rectoras y Rectores de las Universidades Chilenas","og_description":"COLEGIO DOCTORAL COMUNIDAD FRANCESA DE B\u00c9LGICA - CHILEPrograma dirigido a alumnos regulares de un doctorado en una universidad chilena perteneciente al CRUCH, que se encuentre en proceso de su tesis doctoral. Al finalizar su estad\u00eda, el alumno podr\u00e1 acceder a la obtenci\u00f3n de un doble grado acad\u00e9mico, tanto de la universidad chilena de origen como [&hellip;]","og_url":"https:\/\/consejoderectores.cl\/en\/vinculos-internacionales-old\/convenios-internacionales-cruch\/belgica\/","og_site_name":"Consejo de Rectoras y Rectores de las Universidades Chilenas","article_modified_time":"2024-02-19T14:54:40+00:00","twitter_card":"summary_large_image","twitter_site":"@CRUCH_cl","twitter_misc":{"Est. reading time":"1 minute"},"schema":{"@context":"https:\/\/schema.org","@graph":[{"@type":"WebPage","@id":"https:\/\/consejoderectores.cl\/vinculos-internacionales-old\/convenios-internacionales-cruch\/belgica\/","url":"https:\/\/consejoderectores.cl\/vinculos-internacionales-old\/convenios-internacionales-cruch\/belgica\/","name":"B\u00e9lgica - Consejo de Rectoras y Rectores de las Universidades Chilenas","isPartOf":{"@id":"https:\/\/consejoderectores.cl\/en\/#website"},"datePublished":"2021-02-23T21:38:52+00:00","dateModified":"2024-02-19T14:54:40+00:00","breadcrumb":{"@id":"https:\/\/consejoderectores.cl\/vinculos-internacionales-old\/convenios-internacionales-cruch\/belgica\/#breadcrumb"},"inLanguage":"en-US","potentialAction":[{"@type":"ReadAction","target":["https:\/\/consejoderectores.cl\/vinculos-internacionales-old\/convenios-internacionales-cruch\/belgica\/"]}]},{"@type":"BreadcrumbList","@id":"https:\/\/consejoderectores.cl\/vinculos-internacionales-old\/convenios-internacionales-cruch\/belgica\/#breadcrumb","itemListElement":[{"@type":"ListItem","position":1,"name":"Home","item":"https:\/\/consejoderectores.cl\/"},{"@type":"ListItem","position":2,"name":"V\u00ednculos Internacionales OLD","item":"https:\/\/consejoderectores.cl\/vinculos-internacionales-old\/"},{"@type":"ListItem","position":3,"name":"Convenios Internacionales CRUCH","item":"https:\/\/consejoderectores.cl\/vinculos-internacionales-old\/convenios-internacionales-cruch\/"},{"@type":"ListItem","position":4,"name":"B\u00e9lgica"}]},{"@type":"WebSite","@id":"https:\/\/consejoderectores.cl\/en\/#website","url":"https:\/\/consejoderectores.cl\/en\/","name":"Council of Rectors of Chilean Universities","description":"","publisher":{"@id":"https:\/\/consejoderectores.cl\/en\/#organization"},"potentialAction":[{"@type":"SearchAction","target":{"@type":"EntryPoint","urlTemplate":"https:\/\/consejoderectores.cl\/en\/?s={search_term_string}"},"query-input":{"@type":"PropertyValueSpecification","valueRequired":true,"valueName":"search_term_string"}}],"inLanguage":"en-US"},{"@type":"Organization","@id":"https:\/\/consejoderectores.cl\/en\/#organization","name":"Council of Rectors of Chilean Universities","url":"https:\/\/consejoderectores.cl\/en\/","logo":{"@type":"ImageObject","inLanguage":"en-US","@id":"https:\/\/consejoderectores.cl\/en\/#\/schema\/logo\/image\/","url":"https:\/\/consejoderectores.cl\/wp-content\/uploads\/2025\/12\/logoheader_2025.png","contentUrl":"https:\/\/consejoderectores.cl\/wp-content\/uploads\/2025\/12\/logoheader_2025.png","width":666,"height":305,"caption":"Consejo de Rectoras y Rectores de las Universidades Chilenas"},"image":{"@id":"https:\/\/consejoderectores.cl\/en\/#\/schema\/logo\/image\/"},"sameAs":["https:\/\/x.com\/CRUCH_cl","https:\/\/www.instagram.com\/consejoderectores\/","https:\/\/www.linkedin.com\/company\/cruch\/","https:\/\/www.youtube.com\/channel\/UCzgIFRCsDlKoFpimiQmEaOA"]}]}},"_links":{"self":[{"href":"https:\/\/consejoderectores.cl\/en\/wp-json\/wp\/v2\/pages\/958","targetHints":{"allow":["GET"]}}],"collection":[{"href":"https:\/\/consejoderectores.cl\/en\/wp-json\/wp\/v2\/pages"}],"about":[{"href":"https:\/\/consejoderectores.cl\/en\/wp-json\/wp\/v2\/types\/page"}],"author":[{"embeddable":true,"href":"https:\/\/consejoderectores.cl\/en\/wp-json\/wp\/v2\/users\/1"}],"replies":[{"embeddable":true,"href":"https:\/\/consejoderectores.cl\/en\/wp-json\/wp\/v2\/comments?post=958"}],"version-history":[{"count":12,"href":"https:\/\/consejoderectores.cl\/en\/wp-json\/wp\/v2\/pages\/958\/revisions"}],"predecessor-version":[{"id":9784,"href":"https:\/\/consejoderectores.cl\/en\/wp-json\/wp\/v2\/pages\/958\/revisions\/9784"}],"up":[{"embeddable":true,"href":"https:\/\/consejoderectores.cl\/en\/wp-json\/wp\/v2\/pages\/907"}],"wp:attachment":[{"href":"https:\/\/consejoderectores.cl\/en\/wp-json\/wp\/v2\/media?parent=958"}],"curies":[{"name":"wp","href":"https:\/\/api.w.org\/{rel}","templated":true}]}}