{"id":946,"date":"2021-02-23T20:53:00","date_gmt":"2021-02-23T20:53:00","guid":{"rendered":"https:\/\/www.consejoderectores.cl\/?page_id=946"},"modified":"2024-02-19T14:51:17","modified_gmt":"2024-02-19T14:51:17","slug":"alemania","status":"publish","type":"page","link":"https:\/\/consejoderectores.cl\/en\/vinculos-internacionales-old\/convenios-internacionales-cruch\/alemania\/","title":{"rendered":"Germany"},"content":{"rendered":"<div class=\"vce-row-container\" data-vce-boxed-width=\"true\"><div class=\"vce-row vce-row--col-gap-30 cont-inter vce-row-equal-height vce-row-content--top\" id=\"el-72fd8827\" data-vce-do-apply=\"all el-72fd8827\"><div class=\"vce-row-content\" data-vce-element-content=\"true\"><div class=\"vce-col vce-col--md-100p vce-col--xs-1 vce-col--xs-last vce-col--xs-first vce-col--sm-last vce-col--sm-first vce-col--md-last vce-col--lg-last vce-col--xl-last vce-col--md-first vce-col--lg-first vce-col--xl-first\" id=\"el-d2a6f869\"><div class=\"vce-col-inner\" data-vce-do-apply=\"border margin background  el-d2a6f869\"><div class=\"vce-col-content\" data-vce-element-content=\"true\" data-vce-do-apply=\"padding el-d2a6f869\"><div class=\"vce-row-container\" data-vce-boxed-width=\"true\"><div class=\"vce-row vce-row--col-gap-30 vce-row-equal-height vce-row-content--top\" id=\"el-147fe08d\" data-vce-do-apply=\"all el-147fe08d\"><div class=\"vce-row-content\" data-vce-element-content=\"true\"><div class=\"vce-col vce-col--md-auto vce-col--xs-1 vce-col--xs-last vce-col--xs-first vce-col--sm-last vce-col--sm-first vce-col--md-last vce-col--lg-last vce-col--xl-last vce-col--md-first vce-col--lg-first vce-col--xl-first\" id=\"el-62c12b96\"><div class=\"vce-col-inner\" data-vce-do-apply=\"border margin background  el-62c12b96\"><div class=\"vce-col-content\" data-vce-element-content=\"true\" data-vce-do-apply=\"padding el-62c12b96\"><div class=\"vce-row-container\" data-vce-boxed-width=\"true\"><div class=\"vce-row vce-row--col-gap-30 vce-row-equal-height vce-row-content--top\" id=\"el-2e2fe79b\" data-vce-do-apply=\"all el-2e2fe79b\"><div class=\"vce-row-content\" data-vce-element-content=\"true\"><div class=\"vce-col vce-col--md-100-px vce-col--xs-1 vce-col--xs-last vce-col--xs-first vce-col--sm-last vce-col--sm-first vce-col--md-first vce-col--lg-first vce-col--xl-first\" id=\"el-822a7357\"><div class=\"vce-col-inner\" data-vce-do-apply=\"border margin background  el-822a7357\"><div class=\"vce-col-content\" data-vce-element-content=\"true\" data-vce-do-apply=\"padding el-822a7357\"><div class=\"vce-single-image-container vce-single-image--align-left\"><div class=\"vce vce-single-image-wrapper\" id=\"el-c26a9664\" data-vce-do-apply=\"all el-c26a9664\"><figure><div class=\"vce-single-image-figure-inner\" style=\"width: 190px;\"><div class=\"vce-single-image-inner vce-single-image--absolute\" style=\"width: 100%; padding-bottom: 57.8947%;\"><img loading=\"lazy\" decoding=\"async\" class=\"vce-single-image\"  width=\"190\" height=\"110\" srcset=\"https:\/\/consejoderectores.cl\/wp-content\/uploads\/2024\/02\/flag-de-190x110.jpg 190w\" src=\"https:\/\/consejoderectores.cl\/wp-content\/uploads\/2024\/02\/flag-de-190x110.jpg\" data-img-src=\"https:\/\/consejoderectores.cl\/wp-content\/uploads\/2021\/02\/flag-de.jpg\" data-attachment-id=\"921\"  alt=\"\" title=\"flag-de\" \/><\/div><\/div><figcaption hidden=\"\"><\/figcaption><\/figure><\/div><\/div><\/div><\/div><\/div><div class=\"vce-col vce-col--md-87p vce-col--xs-1 vce-col--xs-last vce-col--xs-first vce-col--sm-last vce-col--sm-first vce-col--md-last vce-col--lg-last vce-col--xl-last\" id=\"el-9e1c6dea\"><div class=\"vce-col-inner\" data-vce-do-apply=\"border margin background  el-9e1c6dea\"><div class=\"vce-col-content\" data-vce-element-content=\"true\" data-vce-do-apply=\"padding el-9e1c6dea\"><div class=\"vce-text-block country-subtitles\"><div class=\"vce-text-block-wrapper vce\" id=\"el-a02739ee\" data-vce-do-apply=\"all el-a02739ee\"><p>ACADEMIC COOPERATION AGREEMENTS<\/p><h4>BETWEEN CHILE AND GERMANY<\/h4><\/div><\/div><\/div><\/div><\/div><\/div><\/div><\/div><div class=\"vce-row-container\" data-vce-boxed-width=\"true\"><div class=\"vce-row vce-row--col-gap-30 vce-row-equal-height vce-row-content--top\" id=\"el-64cc8020\" data-vce-do-apply=\"all el-64cc8020\"><div class=\"vce-row-content\" data-vce-element-content=\"true\"><div class=\"vce-col vce-col--md-100p vce-col--xs-1 vce-col--xs-last vce-col--xs-first vce-col--sm-last vce-col--sm-first vce-col--md-last vce-col--lg-last vce-col--xl-last vce-col--md-first vce-col--lg-first vce-col--xl-first\" id=\"el-532f308c\"><div class=\"vce-col-inner\" data-vce-do-apply=\"border margin background  el-532f308c\"><div class=\"vce-col-content\" data-vce-element-content=\"true\" data-vce-do-apply=\"padding el-532f308c\"><div class=\"vce-text-block country-subtitles\"><div class=\"vce-text-block-wrapper vce\" id=\"el-98a0c422\" data-vce-do-apply=\"all el-98a0c422\"><p>The Council of Rectors and Rectors of Chilean Universities maintains two agreements in force that promote academic cooperation between Chile and Germany: a Framework Agreement between the HOCHSCHUL REKTOREN KONFERENZ (HRK) and a Scientific Exchange Program with the GERMAN ACADEMIC EXCHANGE SERVICE-DEUTSCHER AKADEMISCHER AUSTAUSCH DIENST (DAAD).<\/p><\/div><\/div><div class=\"vce-raw-html\"><div class=\"vce-raw-html-wrapper\" id=\"el-0f20b2db\" data-vce-do-apply=\"all el-0f20b2db\"><div class=\"mod-acuerdos\">\n\t<div class=\"mod-content\">\n\t\t<h5>Download pdf<\/h5>\n\t\t<h6>HRK AGREEMENT FILES<\/h6>\n\t\t<div class=\"row-doc\">\n\t\t\t<a href=\"https:\/\/www.consejoderectores.cl\/wp-content\/uploads\/convenio-internacional\/CRUCH_HRK_Marzo_2015.pdf\">\n\t\t\t\t<div class=\"icon-doc\"><i class=\"fal fa-file-pdf\"><\/i><\/div>\n\t\t\t\t<div class=\"title-doc\">\n\t\t\t\t\t<h6>MARCH 2015<\/h6>\n\t\t\t\t\t<p>Joint statement CRUCH and HRK <br>Santiago de Chile<\/p>\n\t\t\t\t<\/div>\n\t\t\t<\/a>\n\t\t<\/div>\t\n\t\t<div class=\"row-doc\">\n\t\t\t<a href=\"https:\/\/www.consejoderectores.cl\/wp-content\/uploads\/convenio-internacional\/Convenio_HRK_Espanol001.pdf\">\n\t\t\t\t<div class=\"icon-doc\"><i class=\"fal fa-file-pdf\"><\/i><\/div>\n\t\t\t\t<div class=\"title-doc\">\n\t\t\t\t\t<h6>March 9, 2009<\/h6>\n\t\t\t\t\t<p>Chilean-German Doctoral Colleges Agreement HRK-CRUCH. Spanish version<\/p>\n\t\t\t\t<\/div>\n\t\t\t<\/a>\n\t\t<\/div>\n\t\t<div class=\"row-doc\">\n\t\t\t<a href=\"https:\/\/www.consejoderectores.cl\/wp-content\/uploads\/convenio-internacional\/Convenio_HRK001.pdf\">\n\t\t\t\t<div class=\"icon-doc\"><i class=\"fal fa-file-pdf\"><\/i><\/div>\n\t\t\t\t<div class=\"title-doc\">\n\t\t\t\t\t<h6>March 9, 2009<\/h6>\n\t\t\t\t\t<p>Chilean-German Doctoral Colleges Agreement HRK-CRUCH. German version<\/p>\n\t\t\t\t<\/div>\n\t\t\t<\/a>\n\t\t<\/div>\n\t\t<div class=\"row-doc\">\n\t\t\t<a href=\"https:\/\/www.consejoderectores.cl\/wp-content\/uploads\/convenio-internacional\/HRK.pdf\">\n\t\t\t\t<div class=\"icon-doc\"><i class=\"fal fa-file-pdf\"><\/i><\/div>\n\t\t\t\t<div class=\"title-doc\">\n\t\t\t\t\t<h6>October 5, 2006<\/h6>\n\t\t\t\t\t<p>Joint declaration. HRK-CRUCH Bilateral Seminar<\/p>\n\t\t\t\t<\/div>\n\t\t\t<\/a>\n\t\t<\/div>\t\n\t\t<div class=\"row-doc\">\n\t\t\t<a href=\"https:\/\/www.consejoderectores.cl\/wp-content\/uploads\/convenio-internacional\/HRK2.pdf\">\n\t\t\t\t<div class=\"icon-doc\"><i class=\"fal fa-file-pdf\"><\/i><\/div>\n\t\t\t\t<div class=\"title-doc\">\n\t\t\t\t\t<h6>November 26, 2002<\/h6>\n\t\t\t\t\t<p>Joint Statement (CRUCH-HRK)<\/p>\n\t\t\t\t<\/div>\n\t\t\t<\/a>\n\t\t<\/div>\t\n\t\t<div class=\"row-doc\">\n\t\t\t<a href=\"https:\/\/www.consejoderectores.cl\/wp-content\/uploads\/convenio-internacional\/ALEMAN.pdf\">\n\t\t\t\t<div class=\"icon-doc\"><i class=\"fal fa-file-pdf\"><\/i><\/div>\n\t\t\t\t<div class=\"title-doc\">\n\t\t\t\t\t<h6>October 13, 2002<\/h6>\n\t\t\t\t\t<p>Additional agreement to the Framework Agreement for Academic Cooperation (CRUCH-HRK)<\/p>\n\t\t\t\t<\/div>\n\t\t\t<\/a>\n\t\t<\/div>\t\n\t\t<div class=\"row-doc\">\n\t\t\t<a href=\"https:\/\/www.consejoderectores.cl\/wp-content\/uploads\/convenio-internacional\/ConvenioMarcoHRK_CRUCH1999.pdf\">\n\t\t\t\t<div class=\"icon-doc\"><i class=\"fal fa-file-pdf\"><\/i><\/div>\n\t\t\t\t<div class=\"title-doc\">\n\t\t\t\t\t<h6>April 16, 1999<\/h6>\n\t\t\t\t\t<p>(CRUCH-HRK) Framework Agreement for Academic Cooperation<\/p>\n\t\t\t\t<\/div>\n\t\t\t<\/a>\n\t\t<\/div>\t\n\t\t<h6 style=\"margin: 30px 0;\">DAAD AGREEMENT FILES<\/h6>\n\t\t<div class=\"row-doc\">\n\t\t\t<a href=\"https:\/\/www.consejoderectores.cl\/wp-content\/uploads\/convenio-internacional\/ConvenioCruch-Daad-Nov2003-Espanol.pdf\">\n\t\t\t\t<div class=\"icon-doc\"><i class=\"fal fa-file-pdf\"><\/i><\/div>\n\t\t\t\t<div class=\"title-doc\">\n\t\t\t\t\t<h6>November 12, 2003<\/h6>\n\t\t\t\t\t<p>Agreement on an exchange program for scientists between the Chilean Universities that are members of the Council of Rectors (CRUCH) and the German Academic Exchange Service (DAAD).<\/p>\n\t\t\t\t<\/div>\n\t\t\t<\/a>\n\t\t<\/div>\n\t\t<div class=\"row-doc\">\n\t\t\t<a href=\"https:\/\/www.consejoderectores.cl\/wp-content\/uploads\/convenio-internacional\/formulario_postulacion.pdf\">\n\t\t\t\t<div class=\"icon-doc\"><i class=\"fal fa-file-pdf\"><\/i><\/div>\n\t\t\t\t<div class=\"title-doc\">\n\t\t\t\t\t<h6>January 2013<\/h6>\n\t\t\t\t\t<p>Application form.<\/p>\n\t\t\t\t<\/div>\n\t\t\t<\/a>\n\t\t<\/div>\n\t\t<div class=\"row-doc\">\n\t\t\t<a href=\"https:\/\/www.consejoderectores.cl\/wp-content\/uploads\/convenio-internacional\/hoja_informativa.pdf\">\n\t\t\t\t<div class=\"icon-doc\"><i class=\"fal fa-file-pdf\"><\/i><\/div>\n\t\t\t\t<div class=\"title-doc\">\n\t\t\t\t\t<h6>January 2013<\/h6>\n\t\t\t\t\t<p>Informational page.<\/p>\n\t\t\t\t<\/div>\n\t\t\t<\/a>\n\t\t<\/div>\n\t<\/div>\n<\/div>\n\n\n\n\n\n\n\n\n\n\n\n\n\n\n\n\n\n\n\n\n\n\n\n\n\n<\/div><\/div><\/div><\/div><\/div><\/div><\/div><\/div><\/div><\/div><\/div><\/div><\/div><\/div><\/div><\/div><\/div><\/div><\/div><\/div>","protected":false},"excerpt":{"rendered":"<p>ACUERDOS DE COOPERACI\u00d3N ACAD\u00c9MICAENTRE CHILE Y ALEMANIAEl Consejo de Recortas y Rectores de las Universidades Chilenas mantiene vigentes dos Convenios que promueven la cooperaci\u00f3n acad\u00e9mica entre Chile y Alemania: Convenio Marco entre el HOCHSCHUL REKTOREN KONFERENZ (HRK) y un Programa de Intercambio de Cient\u00edficos con el SERVICIO ALEM\u00c1N DE INTERCAMBIO ACAD\u00c9MICO-DEUTSCHER AKADEMISCHER AUSTAUSCH DIENST (DAAD). [&hellip;]<\/p>\n","protected":false},"author":1,"featured_media":0,"parent":907,"menu_order":0,"comment_status":"closed","ping_status":"closed","template":"page-header.php","meta":{"_acf_changed":false,"footnotes":""},"class_list":["post-946","page","type-page","status-publish","hentry"],"acf":[],"yoast_head":"<!-- This site is optimized with the Yoast SEO plugin v27.1.1 - https:\/\/yoast.com\/product\/yoast-seo-wordpress\/ -->\n<title>Alemania - Consejo de Rectoras y Rectores de las Universidades Chilenas<\/title>\n<meta name=\"robots\" content=\"index, follow, max-snippet:-1, max-image-preview:large, max-video-preview:-1\" \/>\n<link rel=\"canonical\" href=\"https:\/\/consejoderectores.cl\/en\/vinculos-internacionales-old\/convenios-internacionales-cruch\/alemania\/\" \/>\n<meta property=\"og:locale\" content=\"en_US\" \/>\n<meta property=\"og:type\" content=\"article\" \/>\n<meta property=\"og:title\" content=\"Alemania - Consejo de Rectoras y Rectores de las Universidades Chilenas\" \/>\n<meta property=\"og:description\" content=\"ACUERDOS DE COOPERACI\u00d3N ACAD\u00c9MICAENTRE CHILE Y ALEMANIAEl Consejo de Recortas y Rectores de las Universidades Chilenas mantiene vigentes dos Convenios que promueven la cooperaci\u00f3n acad\u00e9mica entre Chile y Alemania: Convenio Marco entre el HOCHSCHUL REKTOREN KONFERENZ (HRK) y un Programa de Intercambio de Cient\u00edficos con el SERVICIO ALEM\u00c1N DE INTERCAMBIO ACAD\u00c9MICO-DEUTSCHER AKADEMISCHER AUSTAUSCH DIENST (DAAD). [&hellip;]\" \/>\n<meta property=\"og:url\" content=\"https:\/\/consejoderectores.cl\/en\/vinculos-internacionales-old\/convenios-internacionales-cruch\/alemania\/\" \/>\n<meta property=\"og:site_name\" content=\"Consejo de Rectoras y Rectores de las Universidades Chilenas\" \/>\n<meta property=\"article:modified_time\" content=\"2024-02-19T14:51:17+00:00\" \/>\n<meta name=\"twitter:card\" content=\"summary_large_image\" \/>\n<meta name=\"twitter:site\" content=\"@CRUCH_cl\" \/>\n<meta name=\"twitter:label1\" content=\"Est. reading time\" \/>\n\t<meta name=\"twitter:data1\" content=\"1 minute\" \/>\n<script type=\"application\/ld+json\" class=\"yoast-schema-graph\">{\"@context\":\"https:\/\/schema.org\",\"@graph\":[{\"@type\":\"WebPage\",\"@id\":\"https:\/\/consejoderectores.cl\/vinculos-internacionales-old\/convenios-internacionales-cruch\/alemania\/\",\"url\":\"https:\/\/consejoderectores.cl\/vinculos-internacionales-old\/convenios-internacionales-cruch\/alemania\/\",\"name\":\"Alemania - Consejo de Rectoras y Rectores de las Universidades Chilenas\",\"isPartOf\":{\"@id\":\"https:\/\/consejoderectores.cl\/en\/#website\"},\"datePublished\":\"2021-02-23T20:53:00+00:00\",\"dateModified\":\"2024-02-19T14:51:17+00:00\",\"breadcrumb\":{\"@id\":\"https:\/\/consejoderectores.cl\/vinculos-internacionales-old\/convenios-internacionales-cruch\/alemania\/#breadcrumb\"},\"inLanguage\":\"en-US\",\"potentialAction\":[{\"@type\":\"ReadAction\",\"target\":[\"https:\/\/consejoderectores.cl\/vinculos-internacionales-old\/convenios-internacionales-cruch\/alemania\/\"]}]},{\"@type\":\"BreadcrumbList\",\"@id\":\"https:\/\/consejoderectores.cl\/vinculos-internacionales-old\/convenios-internacionales-cruch\/alemania\/#breadcrumb\",\"itemListElement\":[{\"@type\":\"ListItem\",\"position\":1,\"name\":\"Home\",\"item\":\"https:\/\/consejoderectores.cl\/\"},{\"@type\":\"ListItem\",\"position\":2,\"name\":\"V\u00ednculos Internacionales OLD\",\"item\":\"https:\/\/consejoderectores.cl\/vinculos-internacionales-old\/\"},{\"@type\":\"ListItem\",\"position\":3,\"name\":\"Convenios Internacionales CRUCH\",\"item\":\"https:\/\/consejoderectores.cl\/vinculos-internacionales-old\/convenios-internacionales-cruch\/\"},{\"@type\":\"ListItem\",\"position\":4,\"name\":\"Alemania\"}]},{\"@type\":\"WebSite\",\"@id\":\"https:\/\/consejoderectores.cl\/en\/#website\",\"url\":\"https:\/\/consejoderectores.cl\/en\/\",\"name\":\"Consejo de Rectoras y Rectores de las Universidades Chilenas\",\"description\":\"\",\"publisher\":{\"@id\":\"https:\/\/consejoderectores.cl\/en\/#organization\"},\"potentialAction\":[{\"@type\":\"SearchAction\",\"target\":{\"@type\":\"EntryPoint\",\"urlTemplate\":\"https:\/\/consejoderectores.cl\/en\/?s={search_term_string}\"},\"query-input\":{\"@type\":\"PropertyValueSpecification\",\"valueRequired\":true,\"valueName\":\"search_term_string\"}}],\"inLanguage\":\"en-US\"},{\"@type\":\"Organization\",\"@id\":\"https:\/\/consejoderectores.cl\/en\/#organization\",\"name\":\"Consejo de Rectoras y Rectores de las Universidades Chilenas\",\"url\":\"https:\/\/consejoderectores.cl\/en\/\",\"logo\":{\"@type\":\"ImageObject\",\"inLanguage\":\"en-US\",\"@id\":\"https:\/\/consejoderectores.cl\/en\/#\/schema\/logo\/image\/\",\"url\":\"https:\/\/consejoderectores.cl\/wp-content\/uploads\/2025\/12\/logoheader_2025.png\",\"contentUrl\":\"https:\/\/consejoderectores.cl\/wp-content\/uploads\/2025\/12\/logoheader_2025.png\",\"width\":666,\"height\":305,\"caption\":\"Consejo de Rectoras y Rectores de las Universidades Chilenas\"},\"image\":{\"@id\":\"https:\/\/consejoderectores.cl\/en\/#\/schema\/logo\/image\/\"},\"sameAs\":[\"https:\/\/x.com\/CRUCH_cl\",\"https:\/\/www.instagram.com\/consejoderectores\/\",\"https:\/\/www.linkedin.com\/company\/cruch\/\",\"https:\/\/www.youtube.com\/channel\/UCzgIFRCsDlKoFpimiQmEaOA\"]}]}<\/script>\n<!-- \/ Yoast SEO plugin. -->","yoast_head_json":{"title":"Alemania - Consejo de Rectoras y Rectores de las Universidades Chilenas","robots":{"index":"index","follow":"follow","max-snippet":"max-snippet:-1","max-image-preview":"max-image-preview:large","max-video-preview":"max-video-preview:-1"},"canonical":"https:\/\/consejoderectores.cl\/en\/vinculos-internacionales-old\/convenios-internacionales-cruch\/alemania\/","og_locale":"en_US","og_type":"article","og_title":"Alemania - Consejo de Rectoras y Rectores de las Universidades Chilenas","og_description":"ACUERDOS DE COOPERACI\u00d3N ACAD\u00c9MICAENTRE CHILE Y ALEMANIAEl Consejo de Recortas y Rectores de las Universidades Chilenas mantiene vigentes dos Convenios que promueven la cooperaci\u00f3n acad\u00e9mica entre Chile y Alemania: Convenio Marco entre el HOCHSCHUL REKTOREN KONFERENZ (HRK) y un Programa de Intercambio de Cient\u00edficos con el SERVICIO ALEM\u00c1N DE INTERCAMBIO ACAD\u00c9MICO-DEUTSCHER AKADEMISCHER AUSTAUSCH DIENST (DAAD). [&hellip;]","og_url":"https:\/\/consejoderectores.cl\/en\/vinculos-internacionales-old\/convenios-internacionales-cruch\/alemania\/","og_site_name":"Consejo de Rectoras y Rectores de las Universidades Chilenas","article_modified_time":"2024-02-19T14:51:17+00:00","twitter_card":"summary_large_image","twitter_site":"@CRUCH_cl","twitter_misc":{"Est. reading time":"1 minute"},"schema":{"@context":"https:\/\/schema.org","@graph":[{"@type":"WebPage","@id":"https:\/\/consejoderectores.cl\/vinculos-internacionales-old\/convenios-internacionales-cruch\/alemania\/","url":"https:\/\/consejoderectores.cl\/vinculos-internacionales-old\/convenios-internacionales-cruch\/alemania\/","name":"Alemania - Consejo de Rectoras y Rectores de las Universidades Chilenas","isPartOf":{"@id":"https:\/\/consejoderectores.cl\/en\/#website"},"datePublished":"2021-02-23T20:53:00+00:00","dateModified":"2024-02-19T14:51:17+00:00","breadcrumb":{"@id":"https:\/\/consejoderectores.cl\/vinculos-internacionales-old\/convenios-internacionales-cruch\/alemania\/#breadcrumb"},"inLanguage":"en-US","potentialAction":[{"@type":"ReadAction","target":["https:\/\/consejoderectores.cl\/vinculos-internacionales-old\/convenios-internacionales-cruch\/alemania\/"]}]},{"@type":"BreadcrumbList","@id":"https:\/\/consejoderectores.cl\/vinculos-internacionales-old\/convenios-internacionales-cruch\/alemania\/#breadcrumb","itemListElement":[{"@type":"ListItem","position":1,"name":"Home","item":"https:\/\/consejoderectores.cl\/"},{"@type":"ListItem","position":2,"name":"V\u00ednculos Internacionales OLD","item":"https:\/\/consejoderectores.cl\/vinculos-internacionales-old\/"},{"@type":"ListItem","position":3,"name":"Convenios Internacionales CRUCH","item":"https:\/\/consejoderectores.cl\/vinculos-internacionales-old\/convenios-internacionales-cruch\/"},{"@type":"ListItem","position":4,"name":"Alemania"}]},{"@type":"WebSite","@id":"https:\/\/consejoderectores.cl\/en\/#website","url":"https:\/\/consejoderectores.cl\/en\/","name":"Council of Rectors of Chilean Universities","description":"","publisher":{"@id":"https:\/\/consejoderectores.cl\/en\/#organization"},"potentialAction":[{"@type":"SearchAction","target":{"@type":"EntryPoint","urlTemplate":"https:\/\/consejoderectores.cl\/en\/?s={search_term_string}"},"query-input":{"@type":"PropertyValueSpecification","valueRequired":true,"valueName":"search_term_string"}}],"inLanguage":"en-US"},{"@type":"Organization","@id":"https:\/\/consejoderectores.cl\/en\/#organization","name":"Council of Rectors of Chilean Universities","url":"https:\/\/consejoderectores.cl\/en\/","logo":{"@type":"ImageObject","inLanguage":"en-US","@id":"https:\/\/consejoderectores.cl\/en\/#\/schema\/logo\/image\/","url":"https:\/\/consejoderectores.cl\/wp-content\/uploads\/2025\/12\/logoheader_2025.png","contentUrl":"https:\/\/consejoderectores.cl\/wp-content\/uploads\/2025\/12\/logoheader_2025.png","width":666,"height":305,"caption":"Consejo de Rectoras y Rectores de las Universidades Chilenas"},"image":{"@id":"https:\/\/consejoderectores.cl\/en\/#\/schema\/logo\/image\/"},"sameAs":["https:\/\/x.com\/CRUCH_cl","https:\/\/www.instagram.com\/consejoderectores\/","https:\/\/www.linkedin.com\/company\/cruch\/","https:\/\/www.youtube.com\/channel\/UCzgIFRCsDlKoFpimiQmEaOA"]}]}},"_links":{"self":[{"href":"https:\/\/consejoderectores.cl\/en\/wp-json\/wp\/v2\/pages\/946","targetHints":{"allow":["GET"]}}],"collection":[{"href":"https:\/\/consejoderectores.cl\/en\/wp-json\/wp\/v2\/pages"}],"about":[{"href":"https:\/\/consejoderectores.cl\/en\/wp-json\/wp\/v2\/types\/page"}],"author":[{"embeddable":true,"href":"https:\/\/consejoderectores.cl\/en\/wp-json\/wp\/v2\/users\/1"}],"replies":[{"embeddable":true,"href":"https:\/\/consejoderectores.cl\/en\/wp-json\/wp\/v2\/comments?post=946"}],"version-history":[{"count":16,"href":"https:\/\/consejoderectores.cl\/en\/wp-json\/wp\/v2\/pages\/946\/revisions"}],"predecessor-version":[{"id":9782,"href":"https:\/\/consejoderectores.cl\/en\/wp-json\/wp\/v2\/pages\/946\/revisions\/9782"}],"up":[{"embeddable":true,"href":"https:\/\/consejoderectores.cl\/en\/wp-json\/wp\/v2\/pages\/907"}],"wp:attachment":[{"href":"https:\/\/consejoderectores.cl\/en\/wp-json\/wp\/v2\/media?parent=946"}],"curies":[{"name":"wp","href":"https:\/\/api.w.org\/{rel}","templated":true}]}}