{"id":479,"date":"2021-02-06T00:05:29","date_gmt":"2021-02-06T00:05:29","guid":{"rendered":"https:\/\/www.consejoderectores.cl\/?page_id=479"},"modified":"2024-01-15T12:34:43","modified_gmt":"2024-01-15T12:34:43","slug":"universidad-de-magallanes","status":"publish","type":"page","link":"https:\/\/consejoderectores.cl\/en\/universidades\/universidad-de-magallanes\/","title":{"rendered":"University of Magallanes"},"content":{"rendered":"<div class=\"vce-row-container\" data-vce-boxed-width=\"true\"><div class=\"vce-row vce-row--col-gap-30 vce-row-equal-height vce-row-columns--top vce-row-content--top\" id=\"el-fcd89034\" data-vce-do-apply=\"all el-fcd89034\"><div class=\"vce-row-content\" data-vce-element-content=\"true\"><div class=\"vce-col vce-col--md-auto vce-col--xs-1 vce-col--xs-last vce-col--xs-first vce-col--sm-last vce-col--sm-first vce-col--md-last vce-col--lg-last vce-col--xl-last vce-col--md-first vce-col--lg-first vce-col--xl-first\" id=\"el-cfc5a0fe\"><div class=\"vce-col-inner\" data-vce-do-apply=\"border margin background  el-cfc5a0fe\"><div class=\"vce-col-content\" data-vce-element-content=\"true\" data-vce-do-apply=\"padding el-cfc5a0fe\"><div class=\"vce-single-image-container vce-single-image--align-left\"><div class=\"vce vce-single-image-wrapper\" id=\"el-45de4e20\" data-vce-do-apply=\"all el-45de4e20\"><figure><div class=\"vce-single-image-inner vce-single-image--absolute\" style=\"padding-bottom: 29.1667%; width: 1200px;\"><img decoding=\"async\" class=\"vce-single-image\" src=\"https:\/\/consejoderectores.cl\/wp-content\/uploads\/2021\/02\/banner-u_magallanes.jpg\" data-img-src=\"https:\/\/consejoderectores.cl\/wp-content\/uploads\/2021\/02\/banner-u_magallanes.jpg\" alt=\"\" title=\"banner-u_magallanes\"><\/div><figcaption hidden=\"\"><\/figcaption><\/figure><\/div><\/div><\/div><\/div><\/div><\/div><\/div><\/div><div class=\"vce-row-container\" data-vce-boxed-width=\"true\"><div class=\"vce-row vce-row--col-gap-30 vce-row-equal-height vce-row-columns--top vce-row-content--top\" id=\"el-4523f0b0\" data-vce-do-apply=\"all el-4523f0b0\"><div class=\"vce-row-content\" data-vce-element-content=\"true\"><div class=\"vce-col vce-col--md-auto vce-col--xs-1 vce-col--xs-last vce-col--xs-first vce-col--sm-last vce-col--sm-first vce-col--md-first vce-col--lg-first vce-col--xl-first\" id=\"el-859f70a4\"><div class=\"vce-col-inner\" data-vce-do-apply=\"border margin background  el-859f70a4\"><div class=\"vce-col-content\" data-vce-element-content=\"true\" data-vce-do-apply=\"padding el-859f70a4\"><div class=\"vce-text-block\"><div class=\"vce-text-block-wrapper vce\" id=\"el-b3f402ef\" data-vce-do-apply=\"all el-b3f402ef\"><p style=\"text-align: justify;\">In 2020 it will be 500 years since the Portuguese navigator Fernando de Magallanes first arrived in the Strait that joins the Atlantic and Pacific oceans. Five centuries for a feat carried out in an unparalleled point on the planet.<\/p><p style=\"text-align: justify;\">Two world biosphere reserves account for its rich biodiversity, and dozens of colonizing nationalities, of its cultural capital. In 1961, the Technical University of the State of Chile created a headquarters in Punta Arenas and began with Engineering courses and then moved on to Engineering in Execution careers.<\/p><p style=\"text-align: justify;\">On October 26, 1981, a decree made this institution the state and public University of Magallanes, the only one in the Region. It offers 32 professional and 22 technical careers in Punta Arenas, Puerto Natales and Porvenir, and research, conservation and extension in the Omora Ethnobotanical Park in Puerto Williams. Since 2014, in the Ays\u00e9n region, there is a new Center with ten study plans for the inhabitants of Coyhaique and its surroundings. For the University of Magallanes, its community is important, which is why it has signed agreements with rural communes, indigenous peoples, public and private companies; It has a Museum of Remembrance, a library open to the public, an auditorium for artistic and cultural extension, and an open radio and television channel.<\/p><p style=\"text-align: justify;\">The University of Magallanes is located in a unique, unrepeatable and privileged territory: Patagonia, Tierra del Fuego, Cape Horn and Antarctica are attractive natural laboratories for scientists from all over the world, and perfect for understanding global changes. Here Human Population in High Latitude is investigated; Biodiversity and Environment in Extreme and Cold Ecosystems, Energies and Atmospheric Sciences.<\/p><\/div><\/div><\/div><\/div><\/div><div class=\"vce-col vce-col--md-auto vce-col--xs-1 vce-col--xs-last vce-col--xs-first vce-col--sm-last vce-col--sm-first vce-col--md-last vce-col--lg-last vce-col--xl-last\" id=\"el-6ec4c0c1\"><div class=\"vce-col-inner\" data-vce-do-apply=\"border margin background  el-6ec4c0c1\"><div class=\"vce-col-content\" data-vce-element-content=\"true\" data-vce-do-apply=\"padding el-6ec4c0c1\"><div class=\"vce-single-image-container vce-single-image--align-center\"><div class=\"vce vce-single-image-wrapper\" id=\"el-9daa5adf\" data-vce-do-apply=\"all el-9daa5adf\"><figure><div class=\"vce-single-image-inner vce-single-image--absolute\" style=\"padding-bottom: 100%; width: 150px;\"><img loading=\"lazy\" decoding=\"async\" class=\"vce-single-image\" width=\"150\" height=\"150\" src=\"https:\/\/consejoderectores.cl\/wp-content\/uploads\/2021\/03\/duo_magallanes-150x150.jpg\" srcset=\"https:\/\/consejoderectores.cl\/wp-content\/uploads\/2021\/03\/duo_magallanes-320x320.jpg 320w,https:\/\/consejoderectores.cl\/wp-content\/uploads\/2021\/03\/duo_magallanes-480x480.jpg 480w,https:\/\/consejoderectores.cl\/wp-content\/uploads\/2021\/03\/duo_magallanes-800x800.jpg 800w,https:\/\/consejoderectores.cl\/wp-content\/uploads\/2021\/03\/duo_magallanes-150x150.jpg 150w,https:\/\/consejoderectores.cl\/wp-content\/uploads\/2021\/03\/duo_magallanes-300x300.jpg 2x\" data-img-src=\"https:\/\/consejoderectores.cl\/wp-content\/uploads\/2021\/01\/duo_magallanes.jpg\" alt=\"\" title=\"duo_magallanes\" \/><\/div><figcaption hidden=\"\"><\/figcaption><\/figure><\/div><\/div><div class=\"vce-text-block\"><div class=\"vce-text-block-wrapper vce\" id=\"el-ae772806\" data-vce-do-apply=\"all el-ae772806\"><ul class=\"uInfo\">\r\n \t<li style=\"text-align: center;\">Av. Bulnes 01855, Punta Arenas<\/li>\r\n \t<li style=\"text-align: center;\">Telephone: (56-61) 2207 000<\/li>\r\n \t<li style=\"text-align: center;\"><a href=\"http:\/\/www.umag.cl\">www.umag.cl<\/a><\/li>\r\n<\/ul><\/div><\/div><\/div><\/div><\/div><\/div><\/div><\/div>","protected":false},"excerpt":{"rendered":"<p>En 2020 se cumplen 500 a\u00f1os desde que el navegante portugu\u00e9s Fernando de Magallanes llegara por primera vez al Estrecho que une los oc\u00e9anos Atl\u00e1ntico y Pac\u00edfico. Cinco siglos para una haza\u00f1a realizada en un punto del planeta sin parang\u00f3n.Dos reservas mundiales de biosfera dan cuenta de su rica biodiversidad, y decenas de nacionalidades colonizadoras, [&hellip;]<\/p>\n","protected":false},"author":1,"featured_media":0,"parent":270,"menu_order":0,"comment_status":"closed","ping_status":"closed","template":"page-header.php","meta":{"_acf_changed":false,"footnotes":""},"class_list":["post-479","page","type-page","status-publish","hentry"],"acf":[],"yoast_head":"<!-- This site is optimized with the Yoast SEO plugin v27.1.1 - https:\/\/yoast.com\/product\/yoast-seo-wordpress\/ -->\n<title>Universidad de Magallanes - Consejo de Rectoras y Rectores de las Universidades Chilenas<\/title>\n<meta name=\"robots\" content=\"index, follow, max-snippet:-1, max-image-preview:large, max-video-preview:-1\" \/>\n<link rel=\"canonical\" href=\"https:\/\/consejoderectores.cl\/en\/universidades\/universidad-de-magallanes\/\" \/>\n<meta property=\"og:locale\" content=\"en_US\" \/>\n<meta property=\"og:type\" content=\"article\" \/>\n<meta property=\"og:title\" content=\"Universidad de Magallanes - Consejo de Rectoras y Rectores de las Universidades Chilenas\" \/>\n<meta property=\"og:description\" content=\"En 2020 se cumplen 500 a\u00f1os desde que el navegante portugu\u00e9s Fernando de Magallanes llegara por primera vez al Estrecho que une los oc\u00e9anos Atl\u00e1ntico y Pac\u00edfico. Cinco siglos para una haza\u00f1a realizada en un punto del planeta sin parang\u00f3n.Dos reservas mundiales de biosfera dan cuenta de su rica biodiversidad, y decenas de nacionalidades colonizadoras, [&hellip;]\" \/>\n<meta property=\"og:url\" content=\"https:\/\/consejoderectores.cl\/en\/universidades\/universidad-de-magallanes\/\" \/>\n<meta property=\"og:site_name\" content=\"Consejo de Rectoras y Rectores de las Universidades Chilenas\" \/>\n<meta property=\"article:modified_time\" content=\"2024-01-15T12:34:43+00:00\" \/>\n<meta name=\"twitter:card\" content=\"summary_large_image\" \/>\n<meta name=\"twitter:site\" content=\"@CRUCH_cl\" \/>\n<meta name=\"twitter:label1\" content=\"Est. reading time\" \/>\n\t<meta name=\"twitter:data1\" content=\"2 minutes\" \/>\n<script type=\"application\/ld+json\" class=\"yoast-schema-graph\">{\"@context\":\"https:\/\/schema.org\",\"@graph\":[{\"@type\":\"WebPage\",\"@id\":\"https:\/\/consejoderectores.cl\/universidades\/universidad-de-magallanes\/\",\"url\":\"https:\/\/consejoderectores.cl\/universidades\/universidad-de-magallanes\/\",\"name\":\"Universidad de Magallanes - Consejo de Rectoras y Rectores de las Universidades Chilenas\",\"isPartOf\":{\"@id\":\"https:\/\/consejoderectores.cl\/en\/#website\"},\"datePublished\":\"2021-02-06T00:05:29+00:00\",\"dateModified\":\"2024-01-15T12:34:43+00:00\",\"breadcrumb\":{\"@id\":\"https:\/\/consejoderectores.cl\/universidades\/universidad-de-magallanes\/#breadcrumb\"},\"inLanguage\":\"en-US\",\"potentialAction\":[{\"@type\":\"ReadAction\",\"target\":[\"https:\/\/consejoderectores.cl\/universidades\/universidad-de-magallanes\/\"]}]},{\"@type\":\"BreadcrumbList\",\"@id\":\"https:\/\/consejoderectores.cl\/universidades\/universidad-de-magallanes\/#breadcrumb\",\"itemListElement\":[{\"@type\":\"ListItem\",\"position\":1,\"name\":\"Home\",\"item\":\"https:\/\/consejoderectores.cl\/\"},{\"@type\":\"ListItem\",\"position\":2,\"name\":\"Universidades\",\"item\":\"https:\/\/consejoderectores.cl\/en\/universidades\/\"},{\"@type\":\"ListItem\",\"position\":3,\"name\":\"Universidad de Magallanes\"}]},{\"@type\":\"WebSite\",\"@id\":\"https:\/\/consejoderectores.cl\/en\/#website\",\"url\":\"https:\/\/consejoderectores.cl\/en\/\",\"name\":\"Consejo de Rectoras y Rectores de las Universidades Chilenas\",\"description\":\"\",\"publisher\":{\"@id\":\"https:\/\/consejoderectores.cl\/en\/#organization\"},\"potentialAction\":[{\"@type\":\"SearchAction\",\"target\":{\"@type\":\"EntryPoint\",\"urlTemplate\":\"https:\/\/consejoderectores.cl\/en\/?s={search_term_string}\"},\"query-input\":{\"@type\":\"PropertyValueSpecification\",\"valueRequired\":true,\"valueName\":\"search_term_string\"}}],\"inLanguage\":\"en-US\"},{\"@type\":\"Organization\",\"@id\":\"https:\/\/consejoderectores.cl\/en\/#organization\",\"name\":\"Consejo de Rectoras y Rectores de las Universidades Chilenas\",\"url\":\"https:\/\/consejoderectores.cl\/en\/\",\"logo\":{\"@type\":\"ImageObject\",\"inLanguage\":\"en-US\",\"@id\":\"https:\/\/consejoderectores.cl\/en\/#\/schema\/logo\/image\/\",\"url\":\"https:\/\/consejoderectores.cl\/wp-content\/uploads\/2025\/12\/logoheader_2025.png\",\"contentUrl\":\"https:\/\/consejoderectores.cl\/wp-content\/uploads\/2025\/12\/logoheader_2025.png\",\"width\":666,\"height\":305,\"caption\":\"Consejo de Rectoras y Rectores de las Universidades Chilenas\"},\"image\":{\"@id\":\"https:\/\/consejoderectores.cl\/en\/#\/schema\/logo\/image\/\"},\"sameAs\":[\"https:\/\/x.com\/CRUCH_cl\",\"https:\/\/www.instagram.com\/consejoderectores\/\",\"https:\/\/www.linkedin.com\/company\/cruch\/\",\"https:\/\/www.youtube.com\/channel\/UCzgIFRCsDlKoFpimiQmEaOA\"]}]}<\/script>\n<!-- \/ Yoast SEO plugin. -->","yoast_head_json":{"title":"Universidad de Magallanes - Consejo de Rectoras y Rectores de las Universidades Chilenas","robots":{"index":"index","follow":"follow","max-snippet":"max-snippet:-1","max-image-preview":"max-image-preview:large","max-video-preview":"max-video-preview:-1"},"canonical":"https:\/\/consejoderectores.cl\/en\/universidades\/universidad-de-magallanes\/","og_locale":"en_US","og_type":"article","og_title":"Universidad de Magallanes - Consejo de Rectoras y Rectores de las Universidades Chilenas","og_description":"En 2020 se cumplen 500 a\u00f1os desde que el navegante portugu\u00e9s Fernando de Magallanes llegara por primera vez al Estrecho que une los oc\u00e9anos Atl\u00e1ntico y Pac\u00edfico. Cinco siglos para una haza\u00f1a realizada en un punto del planeta sin parang\u00f3n.Dos reservas mundiales de biosfera dan cuenta de su rica biodiversidad, y decenas de nacionalidades colonizadoras, [&hellip;]","og_url":"https:\/\/consejoderectores.cl\/en\/universidades\/universidad-de-magallanes\/","og_site_name":"Consejo de Rectoras y Rectores de las Universidades Chilenas","article_modified_time":"2024-01-15T12:34:43+00:00","twitter_card":"summary_large_image","twitter_site":"@CRUCH_cl","twitter_misc":{"Est. reading time":"2 minutes"},"schema":{"@context":"https:\/\/schema.org","@graph":[{"@type":"WebPage","@id":"https:\/\/consejoderectores.cl\/universidades\/universidad-de-magallanes\/","url":"https:\/\/consejoderectores.cl\/universidades\/universidad-de-magallanes\/","name":"Universidad de Magallanes - Consejo de Rectoras y Rectores de las Universidades Chilenas","isPartOf":{"@id":"https:\/\/consejoderectores.cl\/en\/#website"},"datePublished":"2021-02-06T00:05:29+00:00","dateModified":"2024-01-15T12:34:43+00:00","breadcrumb":{"@id":"https:\/\/consejoderectores.cl\/universidades\/universidad-de-magallanes\/#breadcrumb"},"inLanguage":"en-US","potentialAction":[{"@type":"ReadAction","target":["https:\/\/consejoderectores.cl\/universidades\/universidad-de-magallanes\/"]}]},{"@type":"BreadcrumbList","@id":"https:\/\/consejoderectores.cl\/universidades\/universidad-de-magallanes\/#breadcrumb","itemListElement":[{"@type":"ListItem","position":1,"name":"Home","item":"https:\/\/consejoderectores.cl\/"},{"@type":"ListItem","position":2,"name":"Universidades","item":"https:\/\/consejoderectores.cl\/en\/universidades\/"},{"@type":"ListItem","position":3,"name":"Universidad de Magallanes"}]},{"@type":"WebSite","@id":"https:\/\/consejoderectores.cl\/en\/#website","url":"https:\/\/consejoderectores.cl\/en\/","name":"Council of Rectors of Chilean Universities","description":"","publisher":{"@id":"https:\/\/consejoderectores.cl\/en\/#organization"},"potentialAction":[{"@type":"SearchAction","target":{"@type":"EntryPoint","urlTemplate":"https:\/\/consejoderectores.cl\/en\/?s={search_term_string}"},"query-input":{"@type":"PropertyValueSpecification","valueRequired":true,"valueName":"search_term_string"}}],"inLanguage":"en-US"},{"@type":"Organization","@id":"https:\/\/consejoderectores.cl\/en\/#organization","name":"Council of Rectors of Chilean Universities","url":"https:\/\/consejoderectores.cl\/en\/","logo":{"@type":"ImageObject","inLanguage":"en-US","@id":"https:\/\/consejoderectores.cl\/en\/#\/schema\/logo\/image\/","url":"https:\/\/consejoderectores.cl\/wp-content\/uploads\/2025\/12\/logoheader_2025.png","contentUrl":"https:\/\/consejoderectores.cl\/wp-content\/uploads\/2025\/12\/logoheader_2025.png","width":666,"height":305,"caption":"Consejo de Rectoras y Rectores de las Universidades Chilenas"},"image":{"@id":"https:\/\/consejoderectores.cl\/en\/#\/schema\/logo\/image\/"},"sameAs":["https:\/\/x.com\/CRUCH_cl","https:\/\/www.instagram.com\/consejoderectores\/","https:\/\/www.linkedin.com\/company\/cruch\/","https:\/\/www.youtube.com\/channel\/UCzgIFRCsDlKoFpimiQmEaOA"]}]}},"_links":{"self":[{"href":"https:\/\/consejoderectores.cl\/en\/wp-json\/wp\/v2\/pages\/479","targetHints":{"allow":["GET"]}}],"collection":[{"href":"https:\/\/consejoderectores.cl\/en\/wp-json\/wp\/v2\/pages"}],"about":[{"href":"https:\/\/consejoderectores.cl\/en\/wp-json\/wp\/v2\/types\/page"}],"author":[{"embeddable":true,"href":"https:\/\/consejoderectores.cl\/en\/wp-json\/wp\/v2\/users\/1"}],"replies":[{"embeddable":true,"href":"https:\/\/consejoderectores.cl\/en\/wp-json\/wp\/v2\/comments?post=479"}],"version-history":[{"count":3,"href":"https:\/\/consejoderectores.cl\/en\/wp-json\/wp\/v2\/pages\/479\/revisions"}],"predecessor-version":[{"id":1597,"href":"https:\/\/consejoderectores.cl\/en\/wp-json\/wp\/v2\/pages\/479\/revisions\/1597"}],"up":[{"embeddable":true,"href":"https:\/\/consejoderectores.cl\/en\/wp-json\/wp\/v2\/pages\/270"}],"wp:attachment":[{"href":"https:\/\/consejoderectores.cl\/en\/wp-json\/wp\/v2\/media?parent=479"}],"curies":[{"name":"wp","href":"https:\/\/api.w.org\/{rel}","templated":true}]}}