{"id":471,"date":"2021-02-05T23:43:48","date_gmt":"2021-02-05T23:43:48","guid":{"rendered":"https:\/\/www.consejoderectores.cl\/?page_id=471"},"modified":"2024-01-15T12:34:34","modified_gmt":"2024-01-15T12:34:34","slug":"universidad-de-los-lagos","status":"publish","type":"page","link":"https:\/\/consejoderectores.cl\/en\/universidades\/universidad-de-los-lagos\/","title":{"rendered":"University of the Lakes"},"content":{"rendered":"<div class=\"vce-row-container\" data-vce-boxed-width=\"true\"><div class=\"vce-row vce-row--col-gap-30 vce-row-equal-height vce-row-columns--top vce-row-content--top\" id=\"el-fcd89034\" data-vce-do-apply=\"all el-fcd89034\"><div class=\"vce-row-content\" data-vce-element-content=\"true\"><div class=\"vce-col vce-col--md-auto vce-col--xs-1 vce-col--xs-last vce-col--xs-first vce-col--sm-last vce-col--sm-first vce-col--md-last vce-col--lg-last vce-col--xl-last vce-col--md-first vce-col--lg-first vce-col--xl-first\" id=\"el-cfc5a0fe\"><div class=\"vce-col-inner\" data-vce-do-apply=\"border margin background  el-cfc5a0fe\"><div class=\"vce-col-content\" data-vce-element-content=\"true\" data-vce-do-apply=\"padding el-cfc5a0fe\"><div class=\"vce-single-image-container vce-single-image--align-left\"><div class=\"vce vce-single-image-wrapper\" id=\"el-45de4e20\" data-vce-do-apply=\"all el-45de4e20\"><figure><div class=\"vce-single-image-inner vce-single-image--absolute\" style=\"padding-bottom: 29.1667%; width: 1200px;\"><img decoding=\"async\" class=\"vce-single-image\" src=\"https:\/\/consejoderectores.cl\/wp-content\/uploads\/2021\/02\/banner-u_los-lagos.jpg\" data-img-src=\"https:\/\/consejoderectores.cl\/wp-content\/uploads\/2021\/02\/banner-u_los-lagos.jpg\" alt=\"\" title=\"banner-u_los-lagos\"><\/div><figcaption hidden=\"\"><\/figcaption><\/figure><\/div><\/div><\/div><\/div><\/div><\/div><\/div><\/div><div class=\"vce-row-container\" data-vce-boxed-width=\"true\"><div class=\"vce-row vce-row--col-gap-30 vce-row-equal-height vce-row-columns--top vce-row-content--top\" id=\"el-4523f0b0\" data-vce-do-apply=\"all el-4523f0b0\"><div class=\"vce-row-content\" data-vce-element-content=\"true\"><div class=\"vce-col vce-col--md-auto vce-col--xs-1 vce-col--xs-last vce-col--xs-first vce-col--sm-last vce-col--sm-first vce-col--md-first vce-col--lg-first vce-col--xl-first\" id=\"el-859f70a4\"><div class=\"vce-col-inner\" data-vce-do-apply=\"border margin background  el-859f70a4\"><div class=\"vce-col-content\" data-vce-element-content=\"true\" data-vce-do-apply=\"padding el-859f70a4\"><div class=\"vce-text-block\"><div class=\"vce-text-block-wrapper vce\" id=\"el-b3f402ef\" data-vce-do-apply=\"all el-b3f402ef\"><p style=\"text-align: justify;\">The University of Los Lagos is in a solid institutional situation, with an exhaustive dedication to the areas of teaching, research, links with the environment, production, management and services, which are some of its main axes as an organization.<\/p>\r\n<p style=\"text-align: justify;\">The house of studies has as a priority to deliver a professional training according to the quality standards in force in modern society, and, together with this, it has an infrastructure equipped with avant-garde technology and a university environment that encourages the integral growth of each student. and the university community in general. Its strategic points are Osorno, Puerto Montt and Santiago, where it operates as a campus, including heritage buildings that it has rescued to reconvert to the educational function in each of the aforementioned cities, in addition to Chilo\u00e9, where it operates as PMI, seat in the cities of Castro and Ancud.<\/p>\r\n<p style=\"text-align: justify;\">The University of Los Lagos is at a very good level in applied research at the national level, leads university sports in a wide variety of competitive and recreational disciplines, and offers an attractive range of careers of local and regional relevance, not only in the area of undergraduate, but also in training for workers, technical careers and postgraduate.<\/p>\r\n<p style=\"text-align: justify;\">The University of Los Lagos is a state, autonomous and regional institution that has served the community since August 30, 1993, when it was created by law 19,238, under the government of the President of the Republic Patricio Aylwin Az\u00f3car. However, and despite the youth of its current nomination, this house of studies has a long history, as heir to the Osorno Headquarters of the University of Chile and the Technical University of the State in Puerto Montt.<\/p><\/div><\/div><\/div><\/div><\/div><div class=\"vce-col vce-col--md-auto vce-col--xs-1 vce-col--xs-last vce-col--xs-first vce-col--sm-last vce-col--sm-first vce-col--md-last vce-col--lg-last vce-col--xl-last\" id=\"el-6ec4c0c1\"><div class=\"vce-col-inner\" data-vce-do-apply=\"border margin background  el-6ec4c0c1\"><div class=\"vce-col-content\" data-vce-element-content=\"true\" data-vce-do-apply=\"padding el-6ec4c0c1\"><div class=\"vce-single-image-container vce-single-image--align-center\"><div class=\"vce vce-single-image-wrapper\" id=\"el-9daa5adf\" data-vce-do-apply=\"all el-9daa5adf\"><figure><div class=\"vce-single-image-inner vce-single-image--absolute\" style=\"padding-bottom: 100%; width: 150px;\"><img loading=\"lazy\" decoding=\"async\" class=\"vce-single-image\" width=\"150\" height=\"150\" src=\"https:\/\/consejoderectores.cl\/wp-content\/uploads\/2021\/02\/duo_lagos-150x150.jpg\" srcset=\"https:\/\/consejoderectores.cl\/wp-content\/uploads\/2021\/02\/duo_lagos-320x320.jpg 320w,https:\/\/consejoderectores.cl\/wp-content\/uploads\/2021\/02\/duo_lagos-480x480.jpg 480w,https:\/\/consejoderectores.cl\/wp-content\/uploads\/2021\/02\/duo_lagos-800x800.jpg 800w,https:\/\/consejoderectores.cl\/wp-content\/uploads\/2021\/02\/duo_lagos-150x150.jpg 150w,https:\/\/consejoderectores.cl\/wp-content\/uploads\/2021\/02\/duo_lagos-300x300.jpg 2x\" data-img-src=\"https:\/\/consejoderectores.cl\/wp-content\/uploads\/2021\/01\/duo_lagos.jpg\" alt=\"\" title=\"duo_lagos\" \/><\/div><figcaption hidden=\"\"><\/figcaption><\/figure><\/div><\/div><div class=\"vce-text-block\"><div class=\"vce-text-block-wrapper vce\" id=\"el-ae772806\" data-vce-do-apply=\"all el-ae772806\"><ul class=\"uInfo\"><li style=\"text-align: center;\">Av. Fuchslocher 1305, Osorno<\/li><li style=\"text-align: center;\">Telephone: (56-64) 2333 000<\/li><li style=\"text-align: center;\"><a href=\"https:\/\/www.ulagos.cl\">www.ulagos.cl<\/a><\/li><\/ul><\/div><\/div><\/div><\/div><\/div><\/div><\/div><\/div>","protected":false},"excerpt":{"rendered":"<p>La Universidad de Los Lagos se encuentra en una s\u00f3lida situaci\u00f3n institucional, con una dedicaci\u00f3n exhaustiva a las \u00e1reas de docencia, investigaci\u00f3n, vinculaci\u00f3n con el medio, producci\u00f3n, gesti\u00f3n y servicios, que son algunos de sus principales ejes como organizaci\u00f3n. La casa de estudios tiene como prioridad el entregar una formaci\u00f3n profesional de acuerdo a los [&hellip;]<\/p>\n","protected":false},"author":1,"featured_media":0,"parent":270,"menu_order":0,"comment_status":"closed","ping_status":"closed","template":"page-header.php","meta":{"_acf_changed":false,"footnotes":""},"class_list":["post-471","page","type-page","status-publish","hentry"],"acf":[],"yoast_head":"<!-- This site is optimized with the Yoast SEO plugin v27.1.1 - https:\/\/yoast.com\/product\/yoast-seo-wordpress\/ -->\n<title>Universidad de los Lagos - Consejo de Rectoras y Rectores de las Universidades Chilenas<\/title>\n<meta name=\"robots\" content=\"index, follow, max-snippet:-1, max-image-preview:large, max-video-preview:-1\" \/>\n<link rel=\"canonical\" href=\"https:\/\/consejoderectores.cl\/en\/universidades\/universidad-de-los-lagos\/\" \/>\n<meta property=\"og:locale\" content=\"en_US\" \/>\n<meta property=\"og:type\" content=\"article\" \/>\n<meta property=\"og:title\" content=\"Universidad de los Lagos - Consejo de Rectoras y Rectores de las Universidades Chilenas\" \/>\n<meta property=\"og:description\" content=\"La Universidad de Los Lagos se encuentra en una s\u00f3lida situaci\u00f3n institucional, con una dedicaci\u00f3n exhaustiva a las \u00e1reas de docencia, investigaci\u00f3n, vinculaci\u00f3n con el medio, producci\u00f3n, gesti\u00f3n y servicios, que son algunos de sus principales ejes como organizaci\u00f3n. La casa de estudios tiene como prioridad el entregar una formaci\u00f3n profesional de acuerdo a los [&hellip;]\" \/>\n<meta property=\"og:url\" content=\"https:\/\/consejoderectores.cl\/en\/universidades\/universidad-de-los-lagos\/\" \/>\n<meta property=\"og:site_name\" content=\"Consejo de Rectoras y Rectores de las Universidades Chilenas\" \/>\n<meta property=\"article:modified_time\" content=\"2024-01-15T12:34:34+00:00\" \/>\n<meta name=\"twitter:card\" content=\"summary_large_image\" \/>\n<meta name=\"twitter:site\" content=\"@CRUCH_cl\" \/>\n<meta name=\"twitter:label1\" content=\"Est. reading time\" \/>\n\t<meta name=\"twitter:data1\" content=\"2 minutes\" \/>\n<script type=\"application\/ld+json\" class=\"yoast-schema-graph\">{\"@context\":\"https:\/\/schema.org\",\"@graph\":[{\"@type\":\"WebPage\",\"@id\":\"https:\/\/consejoderectores.cl\/universidades\/universidad-de-los-lagos\/\",\"url\":\"https:\/\/consejoderectores.cl\/universidades\/universidad-de-los-lagos\/\",\"name\":\"Universidad de los Lagos - Consejo de Rectoras y Rectores de las Universidades Chilenas\",\"isPartOf\":{\"@id\":\"https:\/\/consejoderectores.cl\/en\/#website\"},\"datePublished\":\"2021-02-05T23:43:48+00:00\",\"dateModified\":\"2024-01-15T12:34:34+00:00\",\"breadcrumb\":{\"@id\":\"https:\/\/consejoderectores.cl\/universidades\/universidad-de-los-lagos\/#breadcrumb\"},\"inLanguage\":\"en-US\",\"potentialAction\":[{\"@type\":\"ReadAction\",\"target\":[\"https:\/\/consejoderectores.cl\/universidades\/universidad-de-los-lagos\/\"]}]},{\"@type\":\"BreadcrumbList\",\"@id\":\"https:\/\/consejoderectores.cl\/universidades\/universidad-de-los-lagos\/#breadcrumb\",\"itemListElement\":[{\"@type\":\"ListItem\",\"position\":1,\"name\":\"Home\",\"item\":\"https:\/\/consejoderectores.cl\/\"},{\"@type\":\"ListItem\",\"position\":2,\"name\":\"Universidades\",\"item\":\"https:\/\/consejoderectores.cl\/en\/universidades\/\"},{\"@type\":\"ListItem\",\"position\":3,\"name\":\"Universidad de los Lagos\"}]},{\"@type\":\"WebSite\",\"@id\":\"https:\/\/consejoderectores.cl\/en\/#website\",\"url\":\"https:\/\/consejoderectores.cl\/en\/\",\"name\":\"Consejo de Rectoras y Rectores de las Universidades Chilenas\",\"description\":\"\",\"publisher\":{\"@id\":\"https:\/\/consejoderectores.cl\/en\/#organization\"},\"potentialAction\":[{\"@type\":\"SearchAction\",\"target\":{\"@type\":\"EntryPoint\",\"urlTemplate\":\"https:\/\/consejoderectores.cl\/en\/?s={search_term_string}\"},\"query-input\":{\"@type\":\"PropertyValueSpecification\",\"valueRequired\":true,\"valueName\":\"search_term_string\"}}],\"inLanguage\":\"en-US\"},{\"@type\":\"Organization\",\"@id\":\"https:\/\/consejoderectores.cl\/en\/#organization\",\"name\":\"Consejo de Rectoras y Rectores de las Universidades Chilenas\",\"url\":\"https:\/\/consejoderectores.cl\/en\/\",\"logo\":{\"@type\":\"ImageObject\",\"inLanguage\":\"en-US\",\"@id\":\"https:\/\/consejoderectores.cl\/en\/#\/schema\/logo\/image\/\",\"url\":\"https:\/\/consejoderectores.cl\/wp-content\/uploads\/2025\/12\/logoheader_2025.png\",\"contentUrl\":\"https:\/\/consejoderectores.cl\/wp-content\/uploads\/2025\/12\/logoheader_2025.png\",\"width\":666,\"height\":305,\"caption\":\"Consejo de Rectoras y Rectores de las Universidades Chilenas\"},\"image\":{\"@id\":\"https:\/\/consejoderectores.cl\/en\/#\/schema\/logo\/image\/\"},\"sameAs\":[\"https:\/\/x.com\/CRUCH_cl\",\"https:\/\/www.instagram.com\/consejoderectores\/\",\"https:\/\/www.linkedin.com\/company\/cruch\/\",\"https:\/\/www.youtube.com\/channel\/UCzgIFRCsDlKoFpimiQmEaOA\"]}]}<\/script>\n<!-- \/ Yoast SEO plugin. -->","yoast_head_json":{"title":"Universidad de los Lagos - Consejo de Rectoras y Rectores de las Universidades Chilenas","robots":{"index":"index","follow":"follow","max-snippet":"max-snippet:-1","max-image-preview":"max-image-preview:large","max-video-preview":"max-video-preview:-1"},"canonical":"https:\/\/consejoderectores.cl\/en\/universidades\/universidad-de-los-lagos\/","og_locale":"en_US","og_type":"article","og_title":"Universidad de los Lagos - Consejo de Rectoras y Rectores de las Universidades Chilenas","og_description":"La Universidad de Los Lagos se encuentra en una s\u00f3lida situaci\u00f3n institucional, con una dedicaci\u00f3n exhaustiva a las \u00e1reas de docencia, investigaci\u00f3n, vinculaci\u00f3n con el medio, producci\u00f3n, gesti\u00f3n y servicios, que son algunos de sus principales ejes como organizaci\u00f3n. La casa de estudios tiene como prioridad el entregar una formaci\u00f3n profesional de acuerdo a los [&hellip;]","og_url":"https:\/\/consejoderectores.cl\/en\/universidades\/universidad-de-los-lagos\/","og_site_name":"Consejo de Rectoras y Rectores de las Universidades Chilenas","article_modified_time":"2024-01-15T12:34:34+00:00","twitter_card":"summary_large_image","twitter_site":"@CRUCH_cl","twitter_misc":{"Est. reading time":"2 minutes"},"schema":{"@context":"https:\/\/schema.org","@graph":[{"@type":"WebPage","@id":"https:\/\/consejoderectores.cl\/universidades\/universidad-de-los-lagos\/","url":"https:\/\/consejoderectores.cl\/universidades\/universidad-de-los-lagos\/","name":"Universidad de los Lagos - Consejo de Rectoras y Rectores de las Universidades Chilenas","isPartOf":{"@id":"https:\/\/consejoderectores.cl\/en\/#website"},"datePublished":"2021-02-05T23:43:48+00:00","dateModified":"2024-01-15T12:34:34+00:00","breadcrumb":{"@id":"https:\/\/consejoderectores.cl\/universidades\/universidad-de-los-lagos\/#breadcrumb"},"inLanguage":"en-US","potentialAction":[{"@type":"ReadAction","target":["https:\/\/consejoderectores.cl\/universidades\/universidad-de-los-lagos\/"]}]},{"@type":"BreadcrumbList","@id":"https:\/\/consejoderectores.cl\/universidades\/universidad-de-los-lagos\/#breadcrumb","itemListElement":[{"@type":"ListItem","position":1,"name":"Home","item":"https:\/\/consejoderectores.cl\/"},{"@type":"ListItem","position":2,"name":"Universidades","item":"https:\/\/consejoderectores.cl\/en\/universidades\/"},{"@type":"ListItem","position":3,"name":"Universidad de los Lagos"}]},{"@type":"WebSite","@id":"https:\/\/consejoderectores.cl\/en\/#website","url":"https:\/\/consejoderectores.cl\/en\/","name":"Council of Rectors of Chilean Universities","description":"","publisher":{"@id":"https:\/\/consejoderectores.cl\/en\/#organization"},"potentialAction":[{"@type":"SearchAction","target":{"@type":"EntryPoint","urlTemplate":"https:\/\/consejoderectores.cl\/en\/?s={search_term_string}"},"query-input":{"@type":"PropertyValueSpecification","valueRequired":true,"valueName":"search_term_string"}}],"inLanguage":"en-US"},{"@type":"Organization","@id":"https:\/\/consejoderectores.cl\/en\/#organization","name":"Council of Rectors of Chilean Universities","url":"https:\/\/consejoderectores.cl\/en\/","logo":{"@type":"ImageObject","inLanguage":"en-US","@id":"https:\/\/consejoderectores.cl\/en\/#\/schema\/logo\/image\/","url":"https:\/\/consejoderectores.cl\/wp-content\/uploads\/2025\/12\/logoheader_2025.png","contentUrl":"https:\/\/consejoderectores.cl\/wp-content\/uploads\/2025\/12\/logoheader_2025.png","width":666,"height":305,"caption":"Consejo de Rectoras y Rectores de las Universidades Chilenas"},"image":{"@id":"https:\/\/consejoderectores.cl\/en\/#\/schema\/logo\/image\/"},"sameAs":["https:\/\/x.com\/CRUCH_cl","https:\/\/www.instagram.com\/consejoderectores\/","https:\/\/www.linkedin.com\/company\/cruch\/","https:\/\/www.youtube.com\/channel\/UCzgIFRCsDlKoFpimiQmEaOA"]}]}},"_links":{"self":[{"href":"https:\/\/consejoderectores.cl\/en\/wp-json\/wp\/v2\/pages\/471","targetHints":{"allow":["GET"]}}],"collection":[{"href":"https:\/\/consejoderectores.cl\/en\/wp-json\/wp\/v2\/pages"}],"about":[{"href":"https:\/\/consejoderectores.cl\/en\/wp-json\/wp\/v2\/types\/page"}],"author":[{"embeddable":true,"href":"https:\/\/consejoderectores.cl\/en\/wp-json\/wp\/v2\/users\/1"}],"replies":[{"embeddable":true,"href":"https:\/\/consejoderectores.cl\/en\/wp-json\/wp\/v2\/comments?post=471"}],"version-history":[{"count":2,"href":"https:\/\/consejoderectores.cl\/en\/wp-json\/wp\/v2\/pages\/471\/revisions"}],"predecessor-version":[{"id":474,"href":"https:\/\/consejoderectores.cl\/en\/wp-json\/wp\/v2\/pages\/471\/revisions\/474"}],"up":[{"embeddable":true,"href":"https:\/\/consejoderectores.cl\/en\/wp-json\/wp\/v2\/pages\/270"}],"wp:attachment":[{"href":"https:\/\/consejoderectores.cl\/en\/wp-json\/wp\/v2\/media?parent=471"}],"curies":[{"name":"wp","href":"https:\/\/api.w.org\/{rel}","templated":true}]}}