{"id":454,"date":"2021-02-05T23:25:30","date_gmt":"2021-02-05T23:25:30","guid":{"rendered":"https:\/\/www.consejoderectores.cl\/?page_id=454"},"modified":"2024-01-15T12:33:25","modified_gmt":"2024-01-15T12:33:25","slug":"universidad-catolica-de-la-santisima-concepcion","status":"publish","type":"page","link":"https:\/\/consejoderectores.cl\/en\/universidades\/universidad-catolica-de-la-santisima-concepcion\/","title":{"rendered":"Catholic University of the Holy Conception"},"content":{"rendered":"<div class=\"vce-row-container\" data-vce-boxed-width=\"true\"><div class=\"vce-row vce-row--col-gap-30 vce-row-equal-height vce-row-columns--top vce-row-content--top\" id=\"el-fcd89034\" data-vce-do-apply=\"all el-fcd89034\"><div class=\"vce-row-content\" data-vce-element-content=\"true\"><div class=\"vce-col vce-col--md-auto vce-col--xs-1 vce-col--xs-last vce-col--xs-first vce-col--sm-last vce-col--sm-first vce-col--md-last vce-col--lg-last vce-col--xl-last vce-col--md-first vce-col--lg-first vce-col--xl-first\" id=\"el-cfc5a0fe\"><div class=\"vce-col-inner\" data-vce-do-apply=\"border margin background  el-cfc5a0fe\"><div class=\"vce-col-content\" data-vce-element-content=\"true\" data-vce-do-apply=\"padding el-cfc5a0fe\"><div class=\"vce-single-image-container vce-single-image--align-left\"><div class=\"vce vce-single-image-wrapper\" id=\"el-45de4e20\" data-vce-do-apply=\"all el-45de4e20\"><figure><div class=\"vce-single-image-inner vce-single-image--absolute\" style=\"padding-bottom: 29.1667%; width: 1200px;\"><img decoding=\"async\" class=\"vce-single-image\" src=\"https:\/\/consejoderectores.cl\/wp-content\/uploads\/2021\/02\/banner-u_ucsc.jpg\" data-img-src=\"https:\/\/consejoderectores.cl\/wp-content\/uploads\/2021\/02\/banner-u_ucsc.jpg\" alt=\"\" title=\"banner-u_ucsc\"><\/div><figcaption hidden=\"\"><\/figcaption><\/figure><\/div><\/div><\/div><\/div><\/div><\/div><\/div><\/div><div class=\"vce-row-container\" data-vce-boxed-width=\"true\"><div class=\"vce-row vce-row--col-gap-30 vce-row-equal-height vce-row-columns--top vce-row-content--top\" id=\"el-4523f0b0\" data-vce-do-apply=\"all el-4523f0b0\"><div class=\"vce-row-content\" data-vce-element-content=\"true\"><div class=\"vce-col vce-col--md-auto vce-col--xs-1 vce-col--xs-last vce-col--xs-first vce-col--sm-last vce-col--sm-first vce-col--md-first vce-col--lg-first vce-col--xl-first\" id=\"el-859f70a4\"><div class=\"vce-col-inner\" data-vce-do-apply=\"border margin background  el-859f70a4\"><div class=\"vce-col-content\" data-vce-element-content=\"true\" data-vce-do-apply=\"padding el-859f70a4\"><div class=\"vce-text-block\"><div class=\"vce-text-block-wrapper vce\" id=\"el-b3f402ef\" data-vce-do-apply=\"all el-b3f402ef\"><p style=\"text-align: justify;\">From the Biob\u00edo Region, the second most important in Chile, the Universidad Cat\u00f3lica de la Sant\u00edsima Concepci\u00f3n (UCSC), contributes by training people, generating knowledge at the highest level, and contributing to social and spiritual development both locally and nationally. Founded by the Archdiocese of Concepci\u00f3n on July 10, 1991, the Universidad Cat\u00f3lica de la Sant\u00edsima Concepci\u00f3n has continued the academic work that the Regional Talcahuano headquarters of the Pontificia Universidad Cat\u00f3lica de Chile developed in the area for two decades.<\/p><p style=\"text-align: justify;\">Through the Institute of Theology, its seven faculties (Law, Sciences, Education, Engineering, Medicine, Economic and Administrative Sciences, and Communications, History and Social Sciences) and the Technological Institute, the University has proposed itself in its educational processes support the talents of its students, training them as people of integrity, with a vocation for service. For this transcendental challenge, the University, supported by a comprehensive educational project and with a high-level academic community in permanent improvement, has shown a commitment to quality and excellence in its work, seeking continuous improvement through institutional self-evaluation processes. and programs leading to accreditation.<\/p><p style=\"text-align: justify;\">With all this, the Catholic University of the Holy Conception, in its vision, aspires to be recognized as a &quot;center of excellence in the search for truth and radiation of knowledge for the good of humanity.&quot;<\/p><\/div><\/div><\/div><\/div><\/div><div class=\"vce-col vce-col--md-auto vce-col--xs-1 vce-col--xs-last vce-col--xs-first vce-col--sm-last vce-col--sm-first vce-col--md-last vce-col--lg-last vce-col--xl-last\" id=\"el-6ec4c0c1\"><div class=\"vce-col-inner\" data-vce-do-apply=\"border margin background  el-6ec4c0c1\"><div class=\"vce-col-content\" data-vce-element-content=\"true\" data-vce-do-apply=\"padding el-6ec4c0c1\"><div class=\"vce-single-image-container vce-single-image--align-center\"><div class=\"vce vce-single-image-wrapper\" id=\"el-9daa5adf\" data-vce-do-apply=\"all el-9daa5adf\"><figure><div class=\"vce-single-image-inner vce-single-image--absolute\" style=\"padding-bottom: 100%; width: 150px;\"><img loading=\"lazy\" decoding=\"async\" class=\"vce-single-image\" width=\"150\" height=\"150\" src=\"https:\/\/consejoderectores.cl\/wp-content\/uploads\/2021\/02\/duo_santisima_concepcion-150x150.jpg\" srcset=\"https:\/\/consejoderectores.cl\/wp-content\/uploads\/2021\/02\/duo_santisima_concepcion-320x320.jpg 320w,https:\/\/consejoderectores.cl\/wp-content\/uploads\/2021\/02\/duo_santisima_concepcion-480x480.jpg 480w,https:\/\/consejoderectores.cl\/wp-content\/uploads\/2021\/02\/duo_santisima_concepcion-800x800.jpg 800w,https:\/\/consejoderectores.cl\/wp-content\/uploads\/2021\/02\/duo_santisima_concepcion-150x150.jpg 150w,https:\/\/consejoderectores.cl\/wp-content\/uploads\/2021\/02\/duo_santisima_concepcion-300x300.jpg 2x\" data-img-src=\"https:\/\/consejoderectores.cl\/wp-content\/uploads\/2021\/01\/duo_santisima_concepcion.jpg\" alt=\"\" title=\"duo_santisima_concepcion\" \/><\/div><figcaption hidden=\"\"><\/figcaption><\/figure><\/div><\/div><div class=\"vce-text-block\"><div class=\"vce-text-block-wrapper vce\" id=\"el-ae772806\" data-vce-do-apply=\"all el-ae772806\"><ul class=\"uInfo\"><li style=\"text-align: center;\">Lincoyan 265, Concepcion<\/li><li style=\"text-align: center;\">Phone: (56-41) 234 5000<\/li><li style=\"text-align: center;\"><a href=\"https:\/\/www.ucsc.cl\">www.ucsc.cl<\/a><\/li><\/ul><\/div><\/div><\/div><\/div><\/div><\/div><\/div><\/div>","protected":false},"excerpt":{"rendered":"<p>Desde la Regi\u00f3n del Biob\u00edo, la segunda de mayor importancia de Chile, la Universidad Cat\u00f3lica de la Sant\u00edsima Concepci\u00f3n (UCSC), contribuye formando personas, generando conocimiento al m\u00e1s alto nivel, y aportando al desarrollo social y espiritual tanto a nivel local como nacional. Fundada por el Arzobispado de Concepci\u00f3n el 10 de julio de 1991, la [&hellip;]<\/p>\n","protected":false},"author":1,"featured_media":0,"parent":270,"menu_order":0,"comment_status":"closed","ping_status":"closed","template":"page-header.php","meta":{"_acf_changed":false,"footnotes":""},"class_list":["post-454","page","type-page","status-publish","hentry"],"acf":[],"yoast_head":"<!-- This site is optimized with the Yoast SEO plugin v27.1.1 - https:\/\/yoast.com\/product\/yoast-seo-wordpress\/ -->\n<title>Universidad Cat\u00f3lica de la Sant\u00edsima Concepci\u00f3n - Consejo de Rectoras y Rectores de las Universidades Chilenas<\/title>\n<meta name=\"robots\" content=\"index, follow, max-snippet:-1, max-image-preview:large, max-video-preview:-1\" \/>\n<link rel=\"canonical\" href=\"https:\/\/consejoderectores.cl\/en\/universidades\/universidad-catolica-de-la-santisima-concepcion\/\" \/>\n<meta property=\"og:locale\" content=\"en_US\" \/>\n<meta property=\"og:type\" content=\"article\" \/>\n<meta property=\"og:title\" content=\"Universidad Cat\u00f3lica de la Sant\u00edsima Concepci\u00f3n - Consejo de Rectoras y Rectores de las Universidades Chilenas\" \/>\n<meta property=\"og:description\" content=\"Desde la Regi\u00f3n del Biob\u00edo, la segunda de mayor importancia de Chile, la Universidad Cat\u00f3lica de la Sant\u00edsima Concepci\u00f3n (UCSC), contribuye formando personas, generando conocimiento al m\u00e1s alto nivel, y aportando al desarrollo social y espiritual tanto a nivel local como nacional. Fundada por el Arzobispado de Concepci\u00f3n el 10 de julio de 1991, la [&hellip;]\" \/>\n<meta property=\"og:url\" content=\"https:\/\/consejoderectores.cl\/en\/universidades\/universidad-catolica-de-la-santisima-concepcion\/\" \/>\n<meta property=\"og:site_name\" content=\"Consejo de Rectoras y Rectores de las Universidades Chilenas\" \/>\n<meta property=\"article:modified_time\" content=\"2024-01-15T12:33:25+00:00\" \/>\n<meta name=\"twitter:card\" content=\"summary_large_image\" \/>\n<meta name=\"twitter:site\" content=\"@CRUCH_cl\" \/>\n<meta name=\"twitter:label1\" content=\"Est. reading time\" \/>\n\t<meta name=\"twitter:data1\" content=\"1 minute\" \/>\n<script type=\"application\/ld+json\" class=\"yoast-schema-graph\">{\"@context\":\"https:\/\/schema.org\",\"@graph\":[{\"@type\":\"WebPage\",\"@id\":\"https:\/\/consejoderectores.cl\/universidades\/universidad-catolica-de-la-santisima-concepcion\/\",\"url\":\"https:\/\/consejoderectores.cl\/universidades\/universidad-catolica-de-la-santisima-concepcion\/\",\"name\":\"Universidad Cat\u00f3lica de la Sant\u00edsima Concepci\u00f3n - Consejo de Rectoras y Rectores de las Universidades Chilenas\",\"isPartOf\":{\"@id\":\"https:\/\/consejoderectores.cl\/en\/#website\"},\"datePublished\":\"2021-02-05T23:25:30+00:00\",\"dateModified\":\"2024-01-15T12:33:25+00:00\",\"breadcrumb\":{\"@id\":\"https:\/\/consejoderectores.cl\/universidades\/universidad-catolica-de-la-santisima-concepcion\/#breadcrumb\"},\"inLanguage\":\"en-US\",\"potentialAction\":[{\"@type\":\"ReadAction\",\"target\":[\"https:\/\/consejoderectores.cl\/universidades\/universidad-catolica-de-la-santisima-concepcion\/\"]}]},{\"@type\":\"BreadcrumbList\",\"@id\":\"https:\/\/consejoderectores.cl\/universidades\/universidad-catolica-de-la-santisima-concepcion\/#breadcrumb\",\"itemListElement\":[{\"@type\":\"ListItem\",\"position\":1,\"name\":\"Home\",\"item\":\"https:\/\/consejoderectores.cl\/\"},{\"@type\":\"ListItem\",\"position\":2,\"name\":\"Universidades\",\"item\":\"https:\/\/consejoderectores.cl\/en\/universidades\/\"},{\"@type\":\"ListItem\",\"position\":3,\"name\":\"Universidad Cat\u00f3lica de la Sant\u00edsima Concepci\u00f3n\"}]},{\"@type\":\"WebSite\",\"@id\":\"https:\/\/consejoderectores.cl\/en\/#website\",\"url\":\"https:\/\/consejoderectores.cl\/en\/\",\"name\":\"Consejo de Rectoras y Rectores de las Universidades Chilenas\",\"description\":\"\",\"publisher\":{\"@id\":\"https:\/\/consejoderectores.cl\/en\/#organization\"},\"potentialAction\":[{\"@type\":\"SearchAction\",\"target\":{\"@type\":\"EntryPoint\",\"urlTemplate\":\"https:\/\/consejoderectores.cl\/en\/?s={search_term_string}\"},\"query-input\":{\"@type\":\"PropertyValueSpecification\",\"valueRequired\":true,\"valueName\":\"search_term_string\"}}],\"inLanguage\":\"en-US\"},{\"@type\":\"Organization\",\"@id\":\"https:\/\/consejoderectores.cl\/en\/#organization\",\"name\":\"Consejo de Rectoras y Rectores de las Universidades Chilenas\",\"url\":\"https:\/\/consejoderectores.cl\/en\/\",\"logo\":{\"@type\":\"ImageObject\",\"inLanguage\":\"en-US\",\"@id\":\"https:\/\/consejoderectores.cl\/en\/#\/schema\/logo\/image\/\",\"url\":\"https:\/\/consejoderectores.cl\/wp-content\/uploads\/2025\/12\/logoheader_2025.png\",\"contentUrl\":\"https:\/\/consejoderectores.cl\/wp-content\/uploads\/2025\/12\/logoheader_2025.png\",\"width\":666,\"height\":305,\"caption\":\"Consejo de Rectoras y Rectores de las Universidades Chilenas\"},\"image\":{\"@id\":\"https:\/\/consejoderectores.cl\/en\/#\/schema\/logo\/image\/\"},\"sameAs\":[\"https:\/\/x.com\/CRUCH_cl\",\"https:\/\/www.instagram.com\/consejoderectores\/\",\"https:\/\/www.linkedin.com\/company\/cruch\/\",\"https:\/\/www.youtube.com\/channel\/UCzgIFRCsDlKoFpimiQmEaOA\"]}]}<\/script>\n<!-- \/ Yoast SEO plugin. -->","yoast_head_json":{"title":"Universidad Cat\u00f3lica de la Sant\u00edsima Concepci\u00f3n - Consejo de Rectoras y Rectores de las Universidades Chilenas","robots":{"index":"index","follow":"follow","max-snippet":"max-snippet:-1","max-image-preview":"max-image-preview:large","max-video-preview":"max-video-preview:-1"},"canonical":"https:\/\/consejoderectores.cl\/en\/universidades\/universidad-catolica-de-la-santisima-concepcion\/","og_locale":"en_US","og_type":"article","og_title":"Universidad Cat\u00f3lica de la Sant\u00edsima Concepci\u00f3n - Consejo de Rectoras y Rectores de las Universidades Chilenas","og_description":"Desde la Regi\u00f3n del Biob\u00edo, la segunda de mayor importancia de Chile, la Universidad Cat\u00f3lica de la Sant\u00edsima Concepci\u00f3n (UCSC), contribuye formando personas, generando conocimiento al m\u00e1s alto nivel, y aportando al desarrollo social y espiritual tanto a nivel local como nacional. Fundada por el Arzobispado de Concepci\u00f3n el 10 de julio de 1991, la [&hellip;]","og_url":"https:\/\/consejoderectores.cl\/en\/universidades\/universidad-catolica-de-la-santisima-concepcion\/","og_site_name":"Consejo de Rectoras y Rectores de las Universidades Chilenas","article_modified_time":"2024-01-15T12:33:25+00:00","twitter_card":"summary_large_image","twitter_site":"@CRUCH_cl","twitter_misc":{"Est. reading time":"1 minute"},"schema":{"@context":"https:\/\/schema.org","@graph":[{"@type":"WebPage","@id":"https:\/\/consejoderectores.cl\/universidades\/universidad-catolica-de-la-santisima-concepcion\/","url":"https:\/\/consejoderectores.cl\/universidades\/universidad-catolica-de-la-santisima-concepcion\/","name":"Universidad Cat\u00f3lica de la Sant\u00edsima Concepci\u00f3n - Consejo de Rectoras y Rectores de las Universidades Chilenas","isPartOf":{"@id":"https:\/\/consejoderectores.cl\/en\/#website"},"datePublished":"2021-02-05T23:25:30+00:00","dateModified":"2024-01-15T12:33:25+00:00","breadcrumb":{"@id":"https:\/\/consejoderectores.cl\/universidades\/universidad-catolica-de-la-santisima-concepcion\/#breadcrumb"},"inLanguage":"en-US","potentialAction":[{"@type":"ReadAction","target":["https:\/\/consejoderectores.cl\/universidades\/universidad-catolica-de-la-santisima-concepcion\/"]}]},{"@type":"BreadcrumbList","@id":"https:\/\/consejoderectores.cl\/universidades\/universidad-catolica-de-la-santisima-concepcion\/#breadcrumb","itemListElement":[{"@type":"ListItem","position":1,"name":"Home","item":"https:\/\/consejoderectores.cl\/"},{"@type":"ListItem","position":2,"name":"Universidades","item":"https:\/\/consejoderectores.cl\/en\/universidades\/"},{"@type":"ListItem","position":3,"name":"Universidad Cat\u00f3lica de la Sant\u00edsima Concepci\u00f3n"}]},{"@type":"WebSite","@id":"https:\/\/consejoderectores.cl\/en\/#website","url":"https:\/\/consejoderectores.cl\/en\/","name":"Council of Rectors of Chilean Universities","description":"","publisher":{"@id":"https:\/\/consejoderectores.cl\/en\/#organization"},"potentialAction":[{"@type":"SearchAction","target":{"@type":"EntryPoint","urlTemplate":"https:\/\/consejoderectores.cl\/en\/?s={search_term_string}"},"query-input":{"@type":"PropertyValueSpecification","valueRequired":true,"valueName":"search_term_string"}}],"inLanguage":"en-US"},{"@type":"Organization","@id":"https:\/\/consejoderectores.cl\/en\/#organization","name":"Council of Rectors of Chilean Universities","url":"https:\/\/consejoderectores.cl\/en\/","logo":{"@type":"ImageObject","inLanguage":"en-US","@id":"https:\/\/consejoderectores.cl\/en\/#\/schema\/logo\/image\/","url":"https:\/\/consejoderectores.cl\/wp-content\/uploads\/2025\/12\/logoheader_2025.png","contentUrl":"https:\/\/consejoderectores.cl\/wp-content\/uploads\/2025\/12\/logoheader_2025.png","width":666,"height":305,"caption":"Consejo de Rectoras y Rectores de las Universidades Chilenas"},"image":{"@id":"https:\/\/consejoderectores.cl\/en\/#\/schema\/logo\/image\/"},"sameAs":["https:\/\/x.com\/CRUCH_cl","https:\/\/www.instagram.com\/consejoderectores\/","https:\/\/www.linkedin.com\/company\/cruch\/","https:\/\/www.youtube.com\/channel\/UCzgIFRCsDlKoFpimiQmEaOA"]}]}},"_links":{"self":[{"href":"https:\/\/consejoderectores.cl\/en\/wp-json\/wp\/v2\/pages\/454","targetHints":{"allow":["GET"]}}],"collection":[{"href":"https:\/\/consejoderectores.cl\/en\/wp-json\/wp\/v2\/pages"}],"about":[{"href":"https:\/\/consejoderectores.cl\/en\/wp-json\/wp\/v2\/types\/page"}],"author":[{"embeddable":true,"href":"https:\/\/consejoderectores.cl\/en\/wp-json\/wp\/v2\/users\/1"}],"replies":[{"embeddable":true,"href":"https:\/\/consejoderectores.cl\/en\/wp-json\/wp\/v2\/comments?post=454"}],"version-history":[{"count":2,"href":"https:\/\/consejoderectores.cl\/en\/wp-json\/wp\/v2\/pages\/454\/revisions"}],"predecessor-version":[{"id":457,"href":"https:\/\/consejoderectores.cl\/en\/wp-json\/wp\/v2\/pages\/454\/revisions\/457"}],"up":[{"embeddable":true,"href":"https:\/\/consejoderectores.cl\/en\/wp-json\/wp\/v2\/pages\/270"}],"wp:attachment":[{"href":"https:\/\/consejoderectores.cl\/en\/wp-json\/wp\/v2\/media?parent=454"}],"curies":[{"name":"wp","href":"https:\/\/api.w.org\/{rel}","templated":true}]}}