{"id":14508,"date":"2026-04-27T18:59:21","date_gmt":"2026-04-27T18:59:21","guid":{"rendered":"https:\/\/consejoderectores.cl\/?page_id=14508"},"modified":"2026-04-27T20:30:59","modified_gmt":"2026-04-27T20:30:59","slug":"2-convocatoria-de-reconocimiento-cruch-a-la-contribucion-en-educacion-superior-2026","status":"publish","type":"page","link":"https:\/\/consejoderectores.cl\/en\/2-convocatoria-de-reconocimiento-cruch-a-la-contribucion-en-educacion-superior-2026\/","title":{"rendered":"2nd CALL FOR \u201cCRUCH RECOGNITION FOR CONTRIBUTION TO HIGHER EDUCATION\u201d 2026"},"content":{"rendered":"<div class=\"vce-row-container\" data-vce-boxed-width=\"true\">\r\n<div id=\"el-79d2f904\" class=\"vce-row vce-row--col-gap-30 convocatoria-wrap-1 vce-row-equal-height vce-row-content--top\" data-vce-do-apply=\"all el-79d2f904\">\r\n<div class=\"vce-content-background-container\">\u00a0<\/div>\r\n<div class=\"vce-row-content\" data-vce-element-content=\"true\">\r\n<div id=\"el-93964632\" class=\"vce-col vce-col--md-61p vce-col--xs-1 vce-col--xs-last vce-col--xs-first vce-col--sm-last vce-col--sm-first vce-col--md-first vce-col--lg-first vce-col--xl-first\">\r\n<div class=\"vce-col-inner\" data-vce-do-apply=\"border margin background  el-93964632\">\r\n<div class=\"vce-col-content\" data-vce-element-content=\"true\" data-vce-do-apply=\"padding el-93964632\">\r\n<div class=\"vce-text-block\">\r\n<div id=\"el-30c21f84\" class=\"vce-text-block-wrapper vce\" data-vce-do-apply=\"all el-30c21f84\">\r\n<h4>About recognition<\/h4>\r\n<p>The Council of Rectors of Chilean Universities (CRUCH) is an institution with over 70 years of history and an unwavering commitment to the public good. In this vein, and following the successful conclusion of its first iteration in 2024, <strong data-path-to-node=\"4\" data-index-in-node=\"241\">We are opening the second call for applications for the \u201cCRUCH Recognition for Contribution to Higher Education\u201d 2026<\/strong>.<\/p>\r\n<p data-path-to-node=\"4\">Currently, the Council is made up of the rectors of the 30 most prestigious universities in the country, which represent diverse intellectual traditions and contribute substantially to the territorial development of Chile, from Arica and Parinacota to Magallanes.<\/p>\r\n<p data-path-to-node=\"5\">With this new call, the plenary of rectors and rectors reaffirms its commitment to continue honoring the institutional legacy initiated in 1954, highlighting those who, through their work, strengthen the Higher Education system of our nation.<\/p>\r\n<\/div>\r\n<\/div>\r\n<\/div>\r\n<\/div>\r\n<\/div>\r\n\r\n<div id=\"el-2fe06af2\" class=\"vce-col vce-col--md-39p vce-col--xs-1 vce-col--xs-last vce-col--xs-first vce-col--sm-last vce-col--sm-first vce-col--md-last vce-col--lg-last vce-col--xl-last\">\r\n<div class=\"vce-col-inner\" data-vce-do-apply=\"border margin background  el-2fe06af2\">\r\n<div class=\"vce-col-content\" data-vce-element-content=\"true\" data-vce-do-apply=\"padding el-2fe06af2\">\r\n<div class=\"vce-single-image-container vce-single-image--align-left\">\r\n<div id=\"el-c8380b24\" class=\"vce vce-single-image-wrapper\" data-vce-background-image-all=\"https:\/\/consejoderectores.cl\/wp-content\/uploads\/2024\/05\/Captura-de-pantalla-2024-05-30-151854.png\" data-vce-background-image=\"all\" data-vce-lozad=\"true\" data-vce-do-apply=\"all el-c8380b24\">\r\n<figure>\r\n<div class=\"vce-single-image-figure-inner\" style=\"width: 864px;\"><a class=\"vce-single-image-inner vce-single-image--absolute vce-single-image--border-rounded\" style=\"width: 100%; padding-bottom: 45.2546%;\" title=\"\" href=\"https:\/\/consejoderectores.cl\/wp-content\/uploads\/2026\/04\/Rex-20_2026.pdf\" target=\"_blank\" rel=\"noopener\"><img loading=\"lazy\" decoding=\"async\" class=\"vce-single-image\" title=\"Screenshot 2026-04-27 162824\" src=\"https:\/\/consejoderectores.cl\/wp-content\/uploads\/2026\/04\/Captura-de-pantalla-2026-04-27-162824-864x391.png\" srcset=\"https:\/\/consejoderectores.cl\/wp-content\/uploads\/2026\/04\/Captura-de-pantalla-2026-04-27-162824-320x145.png 320w, https:\/\/consejoderectores.cl\/wp-content\/uploads\/2026\/04\/Captura-de-pantalla-2026-04-27-162824-480x217.png 480w, https:\/\/consejoderectores.cl\/wp-content\/uploads\/2026\/04\/Captura-de-pantalla-2026-04-27-162824-800x362.png 800w, https:\/\/consejoderectores.cl\/wp-content\/uploads\/2026\/04\/Captura-de-pantalla-2026-04-27-162824-864x391.png 864w\" alt=\"\" width=\"864\" height=\"391\" data-img-src=\"https:\/\/consejoderectores.cl\/wp-content\/uploads\/2026\/04\/Captura-de-pantalla-2026-04-27-162824.png\" data-attachment-id=\"14525\" \/><\/a><\/div>\r\n<figcaption hidden=\"\"><\/figcaption>\r\n<\/figure>\r\n<\/div>\r\n<\/div>\r\n<\/div>\r\n<\/div>\r\n<\/div>\r\n<\/div>\r\n<\/div>\r\n<\/div>\r\n\r\n<div class=\"vce-row-container\" data-vce-boxed-width=\"true\">\r\n<div id=\"el-4cda887e\" class=\"vce-row vce-row--col-gap-30 convocatoria-wrap-2 vce-row-equal-height vce-row-content--top\" data-vce-do-apply=\"all el-4cda887e\">\r\n<div class=\"vce-content-background-container\">\u00a0<\/div>\r\n<div class=\"vce-row-content\" data-vce-element-content=\"true\">\r\n<div id=\"el-ee8a90bc\" class=\"vce-col vce-col--md-58p vce-col--xs-1 vce-col--xs-last vce-col--xs-first vce-col--sm-last vce-col--sm-first vce-col--md-first vce-col--lg-first vce-col--xl-first\">\r\n<div class=\"vce-col-inner\" data-vce-do-apply=\"border margin background  el-ee8a90bc\">\r\n<div class=\"vce-col-content\" data-vce-element-content=\"true\" data-vce-do-apply=\"padding el-ee8a90bc\">\r\n<div class=\"vce-text-block\">\r\n<div id=\"el-4c555b8e\" class=\"vce-text-block-wrapper vce\" data-vce-do-apply=\"all el-4c555b8e\">\r\n<h4><span style=\"letter-spacing: 0.01rem;\">Application requirements<\/span><\/h4>\r\n<ul>\r\n<li>Application form, as per Annex 1. <a href=\"https:\/\/consejoderectores.cl\/wp-content\/uploads\/2026\/04\/ANEXO-1_Formulario-de-Postulacion.docx\">Download HERE<\/a><\/li>\r\n<li>Sworn Statement, according to Annex 2. <a href=\"https:\/\/consejoderectores.cl\/wp-content\/uploads\/2026\/04\/ANEXO-2_Declaracion-Jurada.docx\">Download HERE<\/a><\/li>\r\n<li>Cover letter addressed to the Council of Rectors of the<br \/>Chilean Universities. The candidate may be nominated by a<br \/>natural person, an organization or institution, or self-nominate.<\/li>\r\n<li>Extensive Curriculum Vitae (CVE)<\/li>\r\n<li>Executive summary of the CVE (maximum 3 pages).<\/li>\r\n<li>Two letters of support and sponsorship for the candidate, signed by people other than the person making the presentation.<\/li>\r\n<li>Check all the requirements in the &quot;\"<a href=\"https:\/\/consejoderectores.cl\/wp-content\/uploads\/2026\/04\/Rex-20_2026.pdf\">Terms and Conditions of the Call for Proposals<\/a>\".<\/li>\r\n<\/ul>\r\n<h4 style=\"letter-spacing: 0.16px;\">Selection criteria<\/h4>\r\n<ul style=\"font-size: 17.6px; letter-spacing: 0.16px;\">\r\n<li>Originality and innovation of contributions to the Higher Education System.<\/li>\r\n<li>Impact on the Chilean Higher Education System.<\/li>\r\n<li>Applicant&#039;s background.<\/li>\r\n<li>Applicant leadership.<\/li>\r\n<\/ul>\r\n<h4>Award ceremony<\/h4>\r\n<p>The presentation of the \u201cCRUCH Recognition for Contribution to Higher Education\u201d will take place within the framework of the session\u00a0<span style=\"letter-spacing: 0.16px;\">of the CRUCH<\/span><span style=\"font-size: 1rem; letter-spacing: 0.01rem;\"> of the month of August 2026.<\/span><\/p>\r\n<h4>Deadlines<\/h4>\r\n<ul>\r\n<li>From April 27 to June 15, 2026.<\/li>\r\n<li>Send applications to <a href=\"mailto:reconocimiento@consejoderectores.cl\"><strong>reconocimiento@consejoderectores.cl<\/strong><\/a><\/li>\r\n<\/ul>\r\n<h4><strong>More information <\/strong><\/h4>\r\n<p>For information about the competition process and inquiries, please contact the email address reconocimiento@consejoderectores.cl, or by phone at +56-224 268 624 or <span style=\"letter-spacing: 0.16px;\">+56-224 268 625<\/span><span style=\"font-size: 1rem; letter-spacing: 0.01rem;\">.<\/span><\/p>\r\n<p>&nbsp;<\/p>\r\n<\/div>\r\n<\/div>\r\n<\/div>\r\n<\/div>\r\n<\/div>\r\n\r\n<div id=\"el-63b675f1\" class=\"vce-col vce-col--md-42p vce-col--xs-1 vce-col--xs-last vce-col--xs-first vce-col--sm-last vce-col--sm-first vce-col--md-last vce-col--lg-last vce-col--xl-last\">\r\n<div class=\"vce-col-inner\" data-vce-do-apply=\"border margin background  el-63b675f1\">\r\n<div class=\"vce-col-content\" data-vce-element-content=\"true\" data-vce-do-apply=\"padding el-63b675f1\">\r\n<div class=\"vcv-row-control-wrapper\">\u00a0<\/div>\r\n<\/div>\r\n<\/div>\r\n<\/div>\r\n<\/div>\r\n<\/div>\r\n<\/div>","protected":false},"excerpt":{"rendered":"<p>\u00a0 Acerca del reconocimiento El Consejo de Rectoras y Rectores de las Universidades Chilenas (CRUCH) es una instituci\u00f3n con m\u00e1s de 70 a\u00f1os de trayectoria y un compromiso irrenunciable con lo p\u00fablico. En esta l\u00ednea, y tras el exitoso cierre de una primera versi\u00f3n en 2024, abrimos la segunda convocatoria para postular al \u201cReconocimiento CRUCH [&hellip;]<\/p>\n","protected":false},"author":1,"featured_media":0,"parent":0,"menu_order":0,"comment_status":"closed","ping_status":"closed","template":"page-header.php","meta":{"_acf_changed":false,"footnotes":""},"class_list":["post-14508","page","type-page","status-publish","hentry"],"acf":[],"yoast_head":"<!-- This site is optimized with the Yoast SEO plugin v27.1.1 - https:\/\/yoast.com\/product\/yoast-seo-wordpress\/ -->\n<title>2\u00b0 CONVOCATORIA DE \u201cRECONOCIMIENTO CRUCH A LA CONTRIBUCI\u00d3N EN EDUCACI\u00d3N SUPERIOR\u201d 2026 - Consejo de Rectoras y Rectores de las Universidades Chilenas<\/title>\n<meta name=\"robots\" content=\"index, follow, max-snippet:-1, max-image-preview:large, max-video-preview:-1\" \/>\n<link rel=\"canonical\" href=\"https:\/\/consejoderectores.cl\/en\/2-convocatoria-de-reconocimiento-cruch-a-la-contribucion-en-educacion-superior-2026\/\" \/>\n<meta property=\"og:locale\" content=\"en_US\" \/>\n<meta property=\"og:type\" content=\"article\" \/>\n<meta property=\"og:title\" content=\"2\u00b0 CONVOCATORIA DE \u201cRECONOCIMIENTO CRUCH A LA CONTRIBUCI\u00d3N EN EDUCACI\u00d3N SUPERIOR\u201d 2026 - Consejo de Rectoras y Rectores de las Universidades Chilenas\" \/>\n<meta property=\"og:description\" content=\"\u00a0 Acerca del reconocimiento El Consejo de Rectoras y Rectores de las Universidades Chilenas (CRUCH) es una instituci\u00f3n con m\u00e1s de 70 a\u00f1os de trayectoria y un compromiso irrenunciable con lo p\u00fablico. En esta l\u00ednea, y tras el exitoso cierre de una primera versi\u00f3n en 2024, abrimos la segunda convocatoria para postular al \u201cReconocimiento CRUCH [&hellip;]\" \/>\n<meta property=\"og:url\" content=\"https:\/\/consejoderectores.cl\/en\/2-convocatoria-de-reconocimiento-cruch-a-la-contribucion-en-educacion-superior-2026\/\" \/>\n<meta property=\"og:site_name\" content=\"Consejo de Rectoras y Rectores de las Universidades Chilenas\" \/>\n<meta property=\"article:modified_time\" content=\"2026-04-27T20:30:59+00:00\" \/>\n<meta property=\"og:image\" content=\"https:\/\/consejoderectores.cl\/wp-content\/uploads\/2026\/04\/Captura-de-pantalla-2026-04-27-162824-864x391.png\" \/>\n<meta name=\"twitter:card\" content=\"summary_large_image\" \/>\n<meta name=\"twitter:site\" content=\"@CRUCH_cl\" \/>\n<meta name=\"twitter:label1\" content=\"Est. reading time\" \/>\n\t<meta name=\"twitter:data1\" content=\"2 minutes\" \/>\n<script type=\"application\/ld+json\" class=\"yoast-schema-graph\">{\"@context\":\"https:\/\/schema.org\",\"@graph\":[{\"@type\":\"WebPage\",\"@id\":\"https:\/\/consejoderectores.cl\/2-convocatoria-de-reconocimiento-cruch-a-la-contribucion-en-educacion-superior-2026\/\",\"url\":\"https:\/\/consejoderectores.cl\/2-convocatoria-de-reconocimiento-cruch-a-la-contribucion-en-educacion-superior-2026\/\",\"name\":\"2\u00b0 CONVOCATORIA DE \u201cRECONOCIMIENTO CRUCH A LA CONTRIBUCI\u00d3N EN EDUCACI\u00d3N SUPERIOR\u201d 2026 - Consejo de Rectoras y Rectores de las Universidades Chilenas\",\"isPartOf\":{\"@id\":\"https:\/\/consejoderectores.cl\/en\/#website\"},\"primaryImageOfPage\":{\"@id\":\"https:\/\/consejoderectores.cl\/2-convocatoria-de-reconocimiento-cruch-a-la-contribucion-en-educacion-superior-2026\/#primaryimage\"},\"image\":{\"@id\":\"https:\/\/consejoderectores.cl\/2-convocatoria-de-reconocimiento-cruch-a-la-contribucion-en-educacion-superior-2026\/#primaryimage\"},\"thumbnailUrl\":\"https:\/\/consejoderectores.cl\/wp-content\/uploads\/2026\/04\/Captura-de-pantalla-2026-04-27-162824-864x391.png\",\"datePublished\":\"2026-04-27T18:59:21+00:00\",\"dateModified\":\"2026-04-27T20:30:59+00:00\",\"breadcrumb\":{\"@id\":\"https:\/\/consejoderectores.cl\/2-convocatoria-de-reconocimiento-cruch-a-la-contribucion-en-educacion-superior-2026\/#breadcrumb\"},\"inLanguage\":\"en-US\",\"potentialAction\":[{\"@type\":\"ReadAction\",\"target\":[\"https:\/\/consejoderectores.cl\/2-convocatoria-de-reconocimiento-cruch-a-la-contribucion-en-educacion-superior-2026\/\"]}]},{\"@type\":\"ImageObject\",\"inLanguage\":\"en-US\",\"@id\":\"https:\/\/consejoderectores.cl\/2-convocatoria-de-reconocimiento-cruch-a-la-contribucion-en-educacion-superior-2026\/#primaryimage\",\"url\":\"https:\/\/consejoderectores.cl\/wp-content\/uploads\/2026\/04\/Captura-de-pantalla-2026-04-27-162824-864x391.png\",\"contentUrl\":\"https:\/\/consejoderectores.cl\/wp-content\/uploads\/2026\/04\/Captura-de-pantalla-2026-04-27-162824-864x391.png\"},{\"@type\":\"BreadcrumbList\",\"@id\":\"https:\/\/consejoderectores.cl\/2-convocatoria-de-reconocimiento-cruch-a-la-contribucion-en-educacion-superior-2026\/#breadcrumb\",\"itemListElement\":[{\"@type\":\"ListItem\",\"position\":1,\"name\":\"Home\",\"item\":\"https:\/\/consejoderectores.cl\/\"},{\"@type\":\"ListItem\",\"position\":2,\"name\":\"2\u00b0 CONVOCATORIA DE \u201cRECONOCIMIENTO CRUCH A LA CONTRIBUCI\u00d3N EN EDUCACI\u00d3N SUPERIOR\u201d 2026\"}]},{\"@type\":\"WebSite\",\"@id\":\"https:\/\/consejoderectores.cl\/en\/#website\",\"url\":\"https:\/\/consejoderectores.cl\/en\/\",\"name\":\"Consejo de Rectoras y Rectores de las Universidades Chilenas\",\"description\":\"\",\"publisher\":{\"@id\":\"https:\/\/consejoderectores.cl\/en\/#organization\"},\"potentialAction\":[{\"@type\":\"SearchAction\",\"target\":{\"@type\":\"EntryPoint\",\"urlTemplate\":\"https:\/\/consejoderectores.cl\/en\/?s={search_term_string}\"},\"query-input\":{\"@type\":\"PropertyValueSpecification\",\"valueRequired\":true,\"valueName\":\"search_term_string\"}}],\"inLanguage\":\"en-US\"},{\"@type\":\"Organization\",\"@id\":\"https:\/\/consejoderectores.cl\/en\/#organization\",\"name\":\"Consejo de Rectoras y Rectores de las Universidades Chilenas\",\"url\":\"https:\/\/consejoderectores.cl\/en\/\",\"logo\":{\"@type\":\"ImageObject\",\"inLanguage\":\"en-US\",\"@id\":\"https:\/\/consejoderectores.cl\/en\/#\/schema\/logo\/image\/\",\"url\":\"https:\/\/consejoderectores.cl\/wp-content\/uploads\/2025\/12\/logoheader_2025.png\",\"contentUrl\":\"https:\/\/consejoderectores.cl\/wp-content\/uploads\/2025\/12\/logoheader_2025.png\",\"width\":666,\"height\":305,\"caption\":\"Consejo de Rectoras y Rectores de las Universidades Chilenas\"},\"image\":{\"@id\":\"https:\/\/consejoderectores.cl\/en\/#\/schema\/logo\/image\/\"},\"sameAs\":[\"https:\/\/x.com\/CRUCH_cl\",\"https:\/\/www.instagram.com\/consejoderectores\/\",\"https:\/\/www.linkedin.com\/company\/cruch\/\",\"https:\/\/www.youtube.com\/channel\/UCzgIFRCsDlKoFpimiQmEaOA\"]}]}<\/script>\n<!-- \/ Yoast SEO plugin. -->","yoast_head_json":{"title":"2nd CALL FOR \u201cCRUCH RECOGNITION FOR CONTRIBUTION TO HIGHER EDUCATION\u201d 2026 - Council of Rectors of Chilean Universities","robots":{"index":"index","follow":"follow","max-snippet":"max-snippet:-1","max-image-preview":"max-image-preview:large","max-video-preview":"max-video-preview:-1"},"canonical":"https:\/\/consejoderectores.cl\/en\/2-convocatoria-de-reconocimiento-cruch-a-la-contribucion-en-educacion-superior-2026\/","og_locale":"en_US","og_type":"article","og_title":"2\u00b0 CONVOCATORIA DE \u201cRECONOCIMIENTO CRUCH A LA CONTRIBUCI\u00d3N EN EDUCACI\u00d3N SUPERIOR\u201d 2026 - Consejo de Rectoras y Rectores de las Universidades Chilenas","og_description":"\u00a0 Acerca del reconocimiento El Consejo de Rectoras y Rectores de las Universidades Chilenas (CRUCH) es una instituci\u00f3n con m\u00e1s de 70 a\u00f1os de trayectoria y un compromiso irrenunciable con lo p\u00fablico. En esta l\u00ednea, y tras el exitoso cierre de una primera versi\u00f3n en 2024, abrimos la segunda convocatoria para postular al \u201cReconocimiento CRUCH [&hellip;]","og_url":"https:\/\/consejoderectores.cl\/en\/2-convocatoria-de-reconocimiento-cruch-a-la-contribucion-en-educacion-superior-2026\/","og_site_name":"Consejo de Rectoras y Rectores de las Universidades Chilenas","article_modified_time":"2026-04-27T20:30:59+00:00","og_image":[{"url":"https:\/\/consejoderectores.cl\/wp-content\/uploads\/2026\/04\/Captura-de-pantalla-2026-04-27-162824-864x391.png","type":"","width":"","height":""}],"twitter_card":"summary_large_image","twitter_site":"@CRUCH_cl","twitter_misc":{"Est. reading time":"2 minutes"},"schema":{"@context":"https:\/\/schema.org","@graph":[{"@type":"WebPage","@id":"https:\/\/consejoderectores.cl\/2-convocatoria-de-reconocimiento-cruch-a-la-contribucion-en-educacion-superior-2026\/","url":"https:\/\/consejoderectores.cl\/2-convocatoria-de-reconocimiento-cruch-a-la-contribucion-en-educacion-superior-2026\/","name":"2nd CALL FOR \u201cCRUCH RECOGNITION FOR CONTRIBUTION TO HIGHER EDUCATION\u201d 2026 - Council of Rectors of Chilean Universities","isPartOf":{"@id":"https:\/\/consejoderectores.cl\/en\/#website"},"primaryImageOfPage":{"@id":"https:\/\/consejoderectores.cl\/2-convocatoria-de-reconocimiento-cruch-a-la-contribucion-en-educacion-superior-2026\/#primaryimage"},"image":{"@id":"https:\/\/consejoderectores.cl\/2-convocatoria-de-reconocimiento-cruch-a-la-contribucion-en-educacion-superior-2026\/#primaryimage"},"thumbnailUrl":"https:\/\/consejoderectores.cl\/wp-content\/uploads\/2026\/04\/Captura-de-pantalla-2026-04-27-162824-864x391.png","datePublished":"2026-04-27T18:59:21+00:00","dateModified":"2026-04-27T20:30:59+00:00","breadcrumb":{"@id":"https:\/\/consejoderectores.cl\/2-convocatoria-de-reconocimiento-cruch-a-la-contribucion-en-educacion-superior-2026\/#breadcrumb"},"inLanguage":"en-US","potentialAction":[{"@type":"ReadAction","target":["https:\/\/consejoderectores.cl\/2-convocatoria-de-reconocimiento-cruch-a-la-contribucion-en-educacion-superior-2026\/"]}]},{"@type":"ImageObject","inLanguage":"en-US","@id":"https:\/\/consejoderectores.cl\/2-convocatoria-de-reconocimiento-cruch-a-la-contribucion-en-educacion-superior-2026\/#primaryimage","url":"https:\/\/consejoderectores.cl\/wp-content\/uploads\/2026\/04\/Captura-de-pantalla-2026-04-27-162824-864x391.png","contentUrl":"https:\/\/consejoderectores.cl\/wp-content\/uploads\/2026\/04\/Captura-de-pantalla-2026-04-27-162824-864x391.png"},{"@type":"BreadcrumbList","@id":"https:\/\/consejoderectores.cl\/2-convocatoria-de-reconocimiento-cruch-a-la-contribucion-en-educacion-superior-2026\/#breadcrumb","itemListElement":[{"@type":"ListItem","position":1,"name":"Home","item":"https:\/\/consejoderectores.cl\/"},{"@type":"ListItem","position":2,"name":"2\u00b0 CONVOCATORIA DE \u201cRECONOCIMIENTO CRUCH A LA CONTRIBUCI\u00d3N EN EDUCACI\u00d3N SUPERIOR\u201d 2026"}]},{"@type":"WebSite","@id":"https:\/\/consejoderectores.cl\/en\/#website","url":"https:\/\/consejoderectores.cl\/en\/","name":"Council of Rectors of Chilean Universities","description":"","publisher":{"@id":"https:\/\/consejoderectores.cl\/en\/#organization"},"potentialAction":[{"@type":"SearchAction","target":{"@type":"EntryPoint","urlTemplate":"https:\/\/consejoderectores.cl\/en\/?s={search_term_string}"},"query-input":{"@type":"PropertyValueSpecification","valueRequired":true,"valueName":"search_term_string"}}],"inLanguage":"en-US"},{"@type":"Organization","@id":"https:\/\/consejoderectores.cl\/en\/#organization","name":"Council of Rectors of Chilean Universities","url":"https:\/\/consejoderectores.cl\/en\/","logo":{"@type":"ImageObject","inLanguage":"en-US","@id":"https:\/\/consejoderectores.cl\/en\/#\/schema\/logo\/image\/","url":"https:\/\/consejoderectores.cl\/wp-content\/uploads\/2025\/12\/logoheader_2025.png","contentUrl":"https:\/\/consejoderectores.cl\/wp-content\/uploads\/2025\/12\/logoheader_2025.png","width":666,"height":305,"caption":"Consejo de Rectoras y Rectores de las Universidades Chilenas"},"image":{"@id":"https:\/\/consejoderectores.cl\/en\/#\/schema\/logo\/image\/"},"sameAs":["https:\/\/x.com\/CRUCH_cl","https:\/\/www.instagram.com\/consejoderectores\/","https:\/\/www.linkedin.com\/company\/cruch\/","https:\/\/www.youtube.com\/channel\/UCzgIFRCsDlKoFpimiQmEaOA"]}]}},"_links":{"self":[{"href":"https:\/\/consejoderectores.cl\/en\/wp-json\/wp\/v2\/pages\/14508","targetHints":{"allow":["GET"]}}],"collection":[{"href":"https:\/\/consejoderectores.cl\/en\/wp-json\/wp\/v2\/pages"}],"about":[{"href":"https:\/\/consejoderectores.cl\/en\/wp-json\/wp\/v2\/types\/page"}],"author":[{"embeddable":true,"href":"https:\/\/consejoderectores.cl\/en\/wp-json\/wp\/v2\/users\/1"}],"replies":[{"embeddable":true,"href":"https:\/\/consejoderectores.cl\/en\/wp-json\/wp\/v2\/comments?post=14508"}],"version-history":[{"count":9,"href":"https:\/\/consejoderectores.cl\/en\/wp-json\/wp\/v2\/pages\/14508\/revisions"}],"predecessor-version":[{"id":14527,"href":"https:\/\/consejoderectores.cl\/en\/wp-json\/wp\/v2\/pages\/14508\/revisions\/14527"}],"wp:attachment":[{"href":"https:\/\/consejoderectores.cl\/en\/wp-json\/wp\/v2\/media?parent=14508"}],"curies":[{"name":"wp","href":"https:\/\/api.w.org\/{rel}","templated":true}]}}