{"id":11052,"date":"2024-06-14T20:52:44","date_gmt":"2024-06-14T20:52:44","guid":{"rendered":"https:\/\/consejoderectores.cl\/?page_id=11052"},"modified":"2024-07-12T21:02:21","modified_gmt":"2024-07-12T21:02:21","slug":"1a-convocatoria-reconocimiento-cruch","status":"publish","type":"page","link":"https:\/\/consejoderectores.cl\/en\/1a-convocatoria-reconocimiento-cruch\/","title":{"rendered":"1st CALL FOR \u201cCRUCH RECOGNITION FOR CONTRIBUTION TO HIGHER EDUCATION\u201d"},"content":{"rendered":"<div class=\"vce-row-container\" data-vce-boxed-width=\"true\"><div class=\"vce-row vce-row--col-gap-30 convocatoria-wrap-1 vce-row-equal-height vce-row-content--top\" id=\"el-79d2f904\" data-vce-do-apply=\"all el-79d2f904\"><div class=\"vce-content-background-container\"><\/div><div class=\"vce-row-content\" data-vce-element-content=\"true\"><div class=\"vce-col vce-col--md-66p vce-col--xs-1 vce-col--xs-last vce-col--xs-first vce-col--sm-last vce-col--sm-first vce-col--md-first vce-col--lg-first vce-col--xl-first\" id=\"el-93964632\"><div class=\"vce-col-inner\" data-vce-do-apply=\"border margin background  el-93964632\"><div class=\"vce-col-content\" data-vce-element-content=\"true\" data-vce-do-apply=\"padding el-93964632\"><div class=\"vce-text-block\"><div class=\"vce-text-block-wrapper vce\" id=\"el-30c21f84\" data-vce-do-apply=\"all el-30c21f84\"><h4>About recognition<\/h4>\n<p>The Council of Rectors of Chilean Universities (CRUCH) celebrates its 70th anniversary on August 14th. These 70 years represent an unwavering commitment to the public good and significant contributions to the development and strengthening of higher education in Chile.<\/p>\n<p>Currently, the Council is made up of the rectors of the 30 most prestigious and established universities in the country, representing the most diverse intellectual and cultural traditions, and which contribute substantially to the territorial development of the regions, from Arica and Parinacota to Magallanes.<\/p>\n<p>As a way to honor the legacy of the Council since its creation in 1954, the plenary of rectors agreed to establish the \u201cCRUCH Recognition for the contribution to Higher Education\u201d.<\/p><\/div><\/div><\/div><\/div><\/div><div class=\"vce-col vce-col--md-34p vce-col--xs-1 vce-col--xs-last vce-col--xs-first vce-col--sm-last vce-col--sm-first vce-col--md-last vce-col--lg-last vce-col--xl-last\" id=\"el-2fe06af2\"><div class=\"vce-col-inner\" data-vce-do-apply=\"border margin background  el-2fe06af2\"><div class=\"vce-col-content\" data-vce-element-content=\"true\" data-vce-do-apply=\"padding el-2fe06af2\"><div class=\"vce-single-image-container vce-single-image--align-left\"><div class=\"vce vce-single-image-wrapper\" id=\"el-c8380b24\" data-vce-background-image-all=\"https:\/\/consejoderectores.cl\/wp-content\/uploads\/2024\/05\/Captura-de-pantalla-2024-05-30-151854.png\" data-vce-background-image=\"all\" data-vce-lozad=\"true\" data-vce-do-apply=\"all el-c8380b24\"><figure><div class=\"vce-single-image-figure-inner\" style=\"width: 433px;\"><a href=\"https:\/\/consejoderectores.cl\/wp-content\/uploads\/2024\/06\/Bases-Convocatoria-Reconocimiento-70-anos.pdf\" title=\"\" target=\"_blank\" class=\"vce-single-image-inner vce-single-image--absolute vce-single-image--border-rounded\" style=\"width: 100%; padding-bottom: 56.1201%;\" rel=\"noopener\"><img loading=\"lazy\" decoding=\"async\" class=\"vce-single-image\"  width=\"433\" height=\"243\" srcset=\"https:\/\/consejoderectores.cl\/wp-content\/uploads\/2024\/06\/Reconocimiento-CRUCH-a-la-contribucion-en-Educacion-Superior-2-320x180.png 320w, https:\/\/consejoderectores.cl\/wp-content\/uploads\/2024\/07\/Reconocimiento-CRUCH-a-la-contribucion-en-Educacion-Superior-2-433x243.png 433w\" src=\"https:\/\/consejoderectores.cl\/wp-content\/uploads\/2024\/07\/Reconocimiento-CRUCH-a-la-contribucion-en-Educacion-Superior-2-433x243.png\" data-img-src=\"https:\/\/consejoderectores.cl\/wp-content\/uploads\/2024\/06\/Reconocimiento-CRUCH-a-la-contribucion-en-Educacion-Superior-2.png\" data-attachment-id=\"11093\"  alt=\"\" title=\"CRUCH Recognition for the Contribution to Higher Education (2)\" \/><\/a><\/div><figcaption hidden=\"\"><\/figcaption><\/figure><\/div><\/div><\/div><\/div><\/div><\/div><\/div><\/div><div class=\"vce-row-container\" data-vce-boxed-width=\"true\"><div class=\"vce-row vce-row--col-gap-30 convocatoria-wrap-2 vce-row-equal-height vce-row-content--top\" id=\"el-4cda887e\" data-vce-do-apply=\"all el-4cda887e\"><div class=\"vce-content-background-container\"><\/div><div class=\"vce-row-content\" data-vce-element-content=\"true\"><div class=\"vce-col vce-col--md-58p vce-col--xs-1 vce-col--xs-last vce-col--xs-first vce-col--sm-last vce-col--sm-first vce-col--md-first vce-col--lg-first vce-col--xl-first\" id=\"el-ee8a90bc\"><div class=\"vce-col-inner\" data-vce-do-apply=\"border margin background  el-ee8a90bc\"><div class=\"vce-col-content\" data-vce-element-content=\"true\" data-vce-do-apply=\"padding el-ee8a90bc\"><div class=\"vce-text-block\"><div class=\"vce-text-block-wrapper vce\" id=\"el-4c555b8e\" data-vce-do-apply=\"all el-4c555b8e\"><h4><span style=\"letter-spacing: 0.01rem;\">Application requirements<\/span><\/h4>\n<ul>\n<li>Application form, as per Annex 1. <a href=\"..\/wp-content\/uploads\/2024\/06\/ANEXO-1_Formulario-de-Postulacion.docx\">Download HERE<\/a><\/li>\n<li>Sworn Statement, according to Annex 2. <a href=\"..\/wp-content\/uploads\/2024\/06\/ANEXO-2_Declaracion-Jurada.docx\">Download HERE<\/a><\/li>\n<li>Cover letter addressed to the Council of Rectors of the<br>Chilean Universities. The candidate may be nominated by a<br>natural person, an organization or institution, or self-nominate.<\/li>\n<li>Extensive Curriculum Vitae (CVE)<\/li>\n<li>Executive summary of the CVE.<\/li>\n<li>At least 2 letters of support and sponsorship for the candidate.<\/li>\n<li>Check all the requirements in the &quot;\"<a href=\"https:\/\/consejoderectores.cl\/wp-content\/uploads\/2024\/06\/Bases-Convocatoria-Reconocimiento-70-anos.pdf\">Terms and Conditions of the Call for Proposals<\/a>\".<\/li>\n<\/ul>\n<h4 style=\"letter-spacing: 0.16px;\">Selection criteria<\/h4>\n<ul style=\"font-size: 17.6px; letter-spacing: 0.16px;\">\n<li>Originality and innovation of contributions to the Higher Education System.<\/li>\n<li>Impact on the Chilean Higher Education System.<\/li>\n<li>Applicant&#039;s background.<\/li>\n<li>Applicant leadership.<\/li>\n<\/ul>\n<h4>Award ceremony<\/h4>\n<p>The presentation of the \u201cCRUCH Recognition for Contribution to Higher Education\u201d will take place within the framework of the Solemn Session of the CRUCH 70th Anniversary, in August of this year.<\/p>\n<h4>Deadlines<\/h4>\n<ul>\n<li>From June 18 to July 19, 2024.<\/li>\n<li>Send applications to <a href=\"mailto:reconocimiento@consejoderectores.cl\"><strong>reconocimiento@consejoderectores.cl<\/strong><\/a><\/li>\n<\/ul>\n<h4><strong>More information <\/strong><\/h4>\n<p>For information about the competition process and inquiries, please contact the email address reconocimiento@consejoderectores.cl, or by phone at +56-224 268 622.<\/p>\n<p>&nbsp;<\/p><\/div><\/div><\/div><\/div><\/div><div class=\"vce-col vce-col--md-42p vce-col--xs-1 vce-col--xs-last vce-col--xs-first vce-col--sm-last vce-col--sm-first vce-col--md-last vce-col--lg-last vce-col--xl-last\" id=\"el-63b675f1\"><div class=\"vce-col-inner\" data-vce-do-apply=\"border margin background  el-63b675f1\"><div class=\"vce-col-content\" data-vce-element-content=\"true\" data-vce-do-apply=\"padding el-63b675f1\"><div class=\"vce-single-image-container vce-single-image--align-left\"><div class=\"vce vce-single-image-wrapper\" id=\"el-5b40a75a\" data-vce-background-image-all=\"https:\/\/consejoderectores.cl\/wp-content\/uploads\/2024\/05\/Captura-de-pantalla-2024-05-30-151854.png\" data-vce-background-image=\"all\" data-vce-lozad=\"true\" data-vce-do-apply=\"all el-5b40a75a\"><figure><div class=\"vce-single-image-figure-inner\" style=\"width: 433px;\"><a href=\"https:\/\/consejoderectores.cl\/wp-content\/uploads\/2024\/07\/Preguntas-frecuentes_Reconocimiento-Educacion-Superior-CRUCH.pdf\" title=\"\" target=\"_blank\" class=\"vce-single-image-inner vce-single-image--absolute vce-single-image--border-rounded\" style=\"width: 100%; padding-bottom: 56.582%;\" rel=\"noopener\"><img loading=\"lazy\" decoding=\"async\" class=\"vce-single-image\"  width=\"433\" height=\"245\" srcset=\"https:\/\/consejoderectores.cl\/wp-content\/uploads\/2024\/07\/Convocatoria-Reconocimiento-CRUCH-433-x-245-px-320x181.png 320w, https:\/\/consejoderectores.cl\/wp-content\/uploads\/2024\/07\/Convocatoria-Reconocimiento-CRUCH-433-x-245-px-433x245.png 433w\" src=\"https:\/\/consejoderectores.cl\/wp-content\/uploads\/2024\/07\/Convocatoria-Reconocimiento-CRUCH-433-x-245-px-433x245.png\" data-img-src=\"https:\/\/consejoderectores.cl\/wp-content\/uploads\/2024\/07\/Convocatoria-Reconocimiento-CRUCH-433-x-245-px.png\" data-attachment-id=\"11213\"  alt=\"\" title=\"CRUCH Recognition Call for Applications (433 x 245 px)\" \/><\/a><\/div><figcaption hidden=\"\"><\/figcaption><\/figure><\/div><\/div><\/div><\/div><\/div><\/div><\/div><\/div>","protected":false},"excerpt":{"rendered":"<p>Acerca del reconocimiento El Consejo de Rectoras y Rectores de las Universidades Chilenas (CRUCH) celebra siete d\u00e9cadas de existencia el pr\u00f3ximo 14 de agosto. Son 70 a\u00f1os de un compromiso irrenunciable con lo p\u00fablico y de aportes significativos al desarrollo y fortalecimiento de la Educaci\u00f3n Superior de Chile. En la actualidad, el Consejo est\u00e1 integrado [&hellip;]<\/p>\n","protected":false},"author":1,"featured_media":0,"parent":0,"menu_order":0,"comment_status":"closed","ping_status":"closed","template":"page-header.php","meta":{"_acf_changed":false,"footnotes":""},"class_list":["post-11052","page","type-page","status-publish","hentry"],"acf":[],"yoast_head":"<!-- This site is optimized with the Yoast SEO plugin v27.1.1 - https:\/\/yoast.com\/product\/yoast-seo-wordpress\/ -->\n<title>1\u00aa CONVOCATORIA DE \u201cRECONOCIMIENTO CRUCH A LA CONTRIBUCI\u00d3N EN EDUCACI\u00d3N SUPERIOR\u201d - Consejo de Rectoras y Rectores de las Universidades Chilenas<\/title>\n<meta name=\"robots\" content=\"index, follow, max-snippet:-1, max-image-preview:large, max-video-preview:-1\" \/>\n<link rel=\"canonical\" href=\"https:\/\/consejoderectores.cl\/en\/1a-convocatoria-reconocimiento-cruch\/\" \/>\n<meta property=\"og:locale\" content=\"en_US\" \/>\n<meta property=\"og:type\" content=\"article\" \/>\n<meta property=\"og:title\" content=\"1\u00aa CONVOCATORIA DE \u201cRECONOCIMIENTO CRUCH A LA CONTRIBUCI\u00d3N EN EDUCACI\u00d3N SUPERIOR\u201d - Consejo de Rectoras y Rectores de las Universidades Chilenas\" \/>\n<meta property=\"og:description\" content=\"Acerca del reconocimiento El Consejo de Rectoras y Rectores de las Universidades Chilenas (CRUCH) celebra siete d\u00e9cadas de existencia el pr\u00f3ximo 14 de agosto. Son 70 a\u00f1os de un compromiso irrenunciable con lo p\u00fablico y de aportes significativos al desarrollo y fortalecimiento de la Educaci\u00f3n Superior de Chile. En la actualidad, el Consejo est\u00e1 integrado [&hellip;]\" \/>\n<meta property=\"og:url\" content=\"https:\/\/consejoderectores.cl\/en\/1a-convocatoria-reconocimiento-cruch\/\" \/>\n<meta property=\"og:site_name\" content=\"Consejo de Rectoras y Rectores de las Universidades Chilenas\" \/>\n<meta property=\"article:modified_time\" content=\"2024-07-12T21:02:21+00:00\" \/>\n<meta name=\"twitter:card\" content=\"summary_large_image\" \/>\n<meta name=\"twitter:site\" content=\"@CRUCH_cl\" \/>\n<meta name=\"twitter:label1\" content=\"Est. reading time\" \/>\n\t<meta name=\"twitter:data1\" content=\"2 minutes\" \/>\n<script type=\"application\/ld+json\" class=\"yoast-schema-graph\">{\"@context\":\"https:\/\/schema.org\",\"@graph\":[{\"@type\":\"WebPage\",\"@id\":\"https:\/\/consejoderectores.cl\/1a-convocatoria-reconocimiento-cruch\/\",\"url\":\"https:\/\/consejoderectores.cl\/1a-convocatoria-reconocimiento-cruch\/\",\"name\":\"1\u00aa CONVOCATORIA DE \u201cRECONOCIMIENTO CRUCH A LA CONTRIBUCI\u00d3N EN EDUCACI\u00d3N SUPERIOR\u201d - Consejo de Rectoras y Rectores de las Universidades Chilenas\",\"isPartOf\":{\"@id\":\"https:\/\/consejoderectores.cl\/en\/#website\"},\"datePublished\":\"2024-06-14T20:52:44+00:00\",\"dateModified\":\"2024-07-12T21:02:21+00:00\",\"breadcrumb\":{\"@id\":\"https:\/\/consejoderectores.cl\/1a-convocatoria-reconocimiento-cruch\/#breadcrumb\"},\"inLanguage\":\"en-US\",\"potentialAction\":[{\"@type\":\"ReadAction\",\"target\":[\"https:\/\/consejoderectores.cl\/1a-convocatoria-reconocimiento-cruch\/\"]}]},{\"@type\":\"BreadcrumbList\",\"@id\":\"https:\/\/consejoderectores.cl\/1a-convocatoria-reconocimiento-cruch\/#breadcrumb\",\"itemListElement\":[{\"@type\":\"ListItem\",\"position\":1,\"name\":\"Home\",\"item\":\"https:\/\/consejoderectores.cl\/\"},{\"@type\":\"ListItem\",\"position\":2,\"name\":\"1\u00aa CONVOCATORIA DE \u201cRECONOCIMIENTO CRUCH A LA CONTRIBUCI\u00d3N EN EDUCACI\u00d3N SUPERIOR\u201d\"}]},{\"@type\":\"WebSite\",\"@id\":\"https:\/\/consejoderectores.cl\/en\/#website\",\"url\":\"https:\/\/consejoderectores.cl\/en\/\",\"name\":\"Consejo de Rectoras y Rectores de las Universidades Chilenas\",\"description\":\"\",\"publisher\":{\"@id\":\"https:\/\/consejoderectores.cl\/en\/#organization\"},\"potentialAction\":[{\"@type\":\"SearchAction\",\"target\":{\"@type\":\"EntryPoint\",\"urlTemplate\":\"https:\/\/consejoderectores.cl\/en\/?s={search_term_string}\"},\"query-input\":{\"@type\":\"PropertyValueSpecification\",\"valueRequired\":true,\"valueName\":\"search_term_string\"}}],\"inLanguage\":\"en-US\"},{\"@type\":\"Organization\",\"@id\":\"https:\/\/consejoderectores.cl\/en\/#organization\",\"name\":\"Consejo de Rectoras y Rectores de las Universidades Chilenas\",\"url\":\"https:\/\/consejoderectores.cl\/en\/\",\"logo\":{\"@type\":\"ImageObject\",\"inLanguage\":\"en-US\",\"@id\":\"https:\/\/consejoderectores.cl\/en\/#\/schema\/logo\/image\/\",\"url\":\"https:\/\/consejoderectores.cl\/wp-content\/uploads\/2025\/12\/logoheader_2025.png\",\"contentUrl\":\"https:\/\/consejoderectores.cl\/wp-content\/uploads\/2025\/12\/logoheader_2025.png\",\"width\":666,\"height\":305,\"caption\":\"Consejo de Rectoras y Rectores de las Universidades Chilenas\"},\"image\":{\"@id\":\"https:\/\/consejoderectores.cl\/en\/#\/schema\/logo\/image\/\"},\"sameAs\":[\"https:\/\/x.com\/CRUCH_cl\",\"https:\/\/www.instagram.com\/consejoderectores\/\",\"https:\/\/www.linkedin.com\/company\/cruch\/\",\"https:\/\/www.youtube.com\/channel\/UCzgIFRCsDlKoFpimiQmEaOA\"]}]}<\/script>\n<!-- \/ Yoast SEO plugin. -->","yoast_head_json":{"title":"1\u00aa CONVOCATORIA DE \u201cRECONOCIMIENTO CRUCH A LA CONTRIBUCI\u00d3N EN EDUCACI\u00d3N SUPERIOR\u201d - Consejo de Rectoras y Rectores de las Universidades Chilenas","robots":{"index":"index","follow":"follow","max-snippet":"max-snippet:-1","max-image-preview":"max-image-preview:large","max-video-preview":"max-video-preview:-1"},"canonical":"https:\/\/consejoderectores.cl\/en\/1a-convocatoria-reconocimiento-cruch\/","og_locale":"en_US","og_type":"article","og_title":"1\u00aa CONVOCATORIA DE \u201cRECONOCIMIENTO CRUCH A LA CONTRIBUCI\u00d3N EN EDUCACI\u00d3N SUPERIOR\u201d - Consejo de Rectoras y Rectores de las Universidades Chilenas","og_description":"Acerca del reconocimiento El Consejo de Rectoras y Rectores de las Universidades Chilenas (CRUCH) celebra siete d\u00e9cadas de existencia el pr\u00f3ximo 14 de agosto. Son 70 a\u00f1os de un compromiso irrenunciable con lo p\u00fablico y de aportes significativos al desarrollo y fortalecimiento de la Educaci\u00f3n Superior de Chile. En la actualidad, el Consejo est\u00e1 integrado [&hellip;]","og_url":"https:\/\/consejoderectores.cl\/en\/1a-convocatoria-reconocimiento-cruch\/","og_site_name":"Consejo de Rectoras y Rectores de las Universidades Chilenas","article_modified_time":"2024-07-12T21:02:21+00:00","twitter_card":"summary_large_image","twitter_site":"@CRUCH_cl","twitter_misc":{"Est. reading time":"2 minutes"},"schema":{"@context":"https:\/\/schema.org","@graph":[{"@type":"WebPage","@id":"https:\/\/consejoderectores.cl\/1a-convocatoria-reconocimiento-cruch\/","url":"https:\/\/consejoderectores.cl\/1a-convocatoria-reconocimiento-cruch\/","name":"1\u00aa CONVOCATORIA DE \u201cRECONOCIMIENTO CRUCH A LA CONTRIBUCI\u00d3N EN EDUCACI\u00d3N SUPERIOR\u201d - Consejo de Rectoras y Rectores de las Universidades Chilenas","isPartOf":{"@id":"https:\/\/consejoderectores.cl\/en\/#website"},"datePublished":"2024-06-14T20:52:44+00:00","dateModified":"2024-07-12T21:02:21+00:00","breadcrumb":{"@id":"https:\/\/consejoderectores.cl\/1a-convocatoria-reconocimiento-cruch\/#breadcrumb"},"inLanguage":"en-US","potentialAction":[{"@type":"ReadAction","target":["https:\/\/consejoderectores.cl\/1a-convocatoria-reconocimiento-cruch\/"]}]},{"@type":"BreadcrumbList","@id":"https:\/\/consejoderectores.cl\/1a-convocatoria-reconocimiento-cruch\/#breadcrumb","itemListElement":[{"@type":"ListItem","position":1,"name":"Home","item":"https:\/\/consejoderectores.cl\/"},{"@type":"ListItem","position":2,"name":"1\u00aa CONVOCATORIA DE \u201cRECONOCIMIENTO CRUCH A LA CONTRIBUCI\u00d3N EN EDUCACI\u00d3N SUPERIOR\u201d"}]},{"@type":"WebSite","@id":"https:\/\/consejoderectores.cl\/en\/#website","url":"https:\/\/consejoderectores.cl\/en\/","name":"Council of Rectors of Chilean Universities","description":"","publisher":{"@id":"https:\/\/consejoderectores.cl\/en\/#organization"},"potentialAction":[{"@type":"SearchAction","target":{"@type":"EntryPoint","urlTemplate":"https:\/\/consejoderectores.cl\/en\/?s={search_term_string}"},"query-input":{"@type":"PropertyValueSpecification","valueRequired":true,"valueName":"search_term_string"}}],"inLanguage":"en-US"},{"@type":"Organization","@id":"https:\/\/consejoderectores.cl\/en\/#organization","name":"Council of Rectors of Chilean Universities","url":"https:\/\/consejoderectores.cl\/en\/","logo":{"@type":"ImageObject","inLanguage":"en-US","@id":"https:\/\/consejoderectores.cl\/en\/#\/schema\/logo\/image\/","url":"https:\/\/consejoderectores.cl\/wp-content\/uploads\/2025\/12\/logoheader_2025.png","contentUrl":"https:\/\/consejoderectores.cl\/wp-content\/uploads\/2025\/12\/logoheader_2025.png","width":666,"height":305,"caption":"Consejo de Rectoras y Rectores de las Universidades Chilenas"},"image":{"@id":"https:\/\/consejoderectores.cl\/en\/#\/schema\/logo\/image\/"},"sameAs":["https:\/\/x.com\/CRUCH_cl","https:\/\/www.instagram.com\/consejoderectores\/","https:\/\/www.linkedin.com\/company\/cruch\/","https:\/\/www.youtube.com\/channel\/UCzgIFRCsDlKoFpimiQmEaOA"]}]}},"_links":{"self":[{"href":"https:\/\/consejoderectores.cl\/en\/wp-json\/wp\/v2\/pages\/11052","targetHints":{"allow":["GET"]}}],"collection":[{"href":"https:\/\/consejoderectores.cl\/en\/wp-json\/wp\/v2\/pages"}],"about":[{"href":"https:\/\/consejoderectores.cl\/en\/wp-json\/wp\/v2\/types\/page"}],"author":[{"embeddable":true,"href":"https:\/\/consejoderectores.cl\/en\/wp-json\/wp\/v2\/users\/1"}],"replies":[{"embeddable":true,"href":"https:\/\/consejoderectores.cl\/en\/wp-json\/wp\/v2\/comments?post=11052"}],"version-history":[{"count":25,"href":"https:\/\/consejoderectores.cl\/en\/wp-json\/wp\/v2\/pages\/11052\/revisions"}],"predecessor-version":[{"id":11214,"href":"https:\/\/consejoderectores.cl\/en\/wp-json\/wp\/v2\/pages\/11052\/revisions\/11214"}],"wp:attachment":[{"href":"https:\/\/consejoderectores.cl\/en\/wp-json\/wp\/v2\/media?parent=11052"}],"curies":[{"name":"wp","href":"https:\/\/api.w.org\/{rel}","templated":true}]}}