{"version":"1.0","provider_name":"Council of Rectors of Chilean Universities","provider_url":"https:\/\/consejoderectores.cl\/en","title":"Rector Jos\u00e9 Rodr\u00edguez fue distinguido con el Premio Nacional de Ciencias Aplicadas y Tecnol\u00f3gicas 2014 - Consejo de Rectoras y Rectores de las Universidades Chilenas","type":"rich","width":600,"height":338,"html":"<blockquote class=\"wp-embedded-content\" data-secret=\"BVaf0wH0X3\"><a href=\"https:\/\/consejoderectores.cl\/en\/2014\/08\/22\/603c6d807acd0\/\">Rector Jos\u00e9 Rodr\u00edguez was distinguished with the 2014 National Award for Applied and Technological Sciences<\/a><\/blockquote><iframe sandbox=\"allow-scripts\" security=\"restricted\" src=\"https:\/\/consejoderectores.cl\/en\/2014\/08\/22\/603c6d807acd0\/embed\/#?secret=BVaf0wH0X3\" width=\"600\" height=\"338\" title=\"&#8220;Rector Jos\u00e9 Rodr\u00edguez fue distinguido con el Premio Nacional de Ciencias Aplicadas y Tecnol\u00f3gicas 2014&#8221; &#8212; Consejo de Rectoras y Rectores de las Universidades Chilenas\" data-secret=\"BVaf0wH0X3\" frameborder=\"0\" marginwidth=\"0\" marginheight=\"0\" scrolling=\"no\" class=\"wp-embedded-content\"><\/iframe><script type=\"text\/javascript\">\n\/* <![CDATA[ *\/\n\/*! This file is auto-generated *\/\n!function(d,l){\"use strict\";l.querySelector&&d.addEventListener&&\"undefined\"!=typeof URL&&(d.wp=d.wp||{},d.wp.receiveEmbedMessage||(d.wp.receiveEmbedMessage=function(e){var t=e.data;if((t||t.secret||t.message||t.value)&&!\/[^a-zA-Z0-9]\/.test(t.secret)){for(var s,r,n,a=l.querySelectorAll('iframe[data-secret=\"'+t.secret+'\"]'),o=l.querySelectorAll('blockquote[data-secret=\"'+t.secret+'\"]'),c=new RegExp(\"^https?:$\",\"i\"),i=0;i<o.length;i++)o[i].style.display=\"none\";for(i=0;i<a.length;i++)s=a[i],e.source===s.contentWindow&&(s.removeAttribute(\"style\"),\"height\"===t.message?(1e3<(r=parseInt(t.value,10))?r=1e3:~~r<200&&(r=200),s.height=r):\"link\"===t.message&&(r=new URL(s.getAttribute(\"src\")),n=new URL(t.value),c.test(n.protocol))&&n.host===r.host&&l.activeElement===s&&(d.top.location.href=t.value))}},d.addEventListener(\"message\",d.wp.receiveEmbedMessage,!1),l.addEventListener(\"DOMContentLoaded\",function(){for(var e,t,s=l.querySelectorAll(\"iframe.wp-embedded-content\"),r=0;r<s.length;r++)(t=(e=s[r]).getAttribute(\"data-secret\"))||(t=Math.random().toString(36).substring(2,12),e.src+=\"#?secret=\"+t,e.setAttribute(\"data-secret\",t)),e.contentWindow.postMessage({message:\"ready\",secret:t},\"*\")},!1)))}(window,document);\n\/\/# sourceURL=https:\/\/consejoderectores.cl\/wp-includes\/js\/wp-embed.min.js\n\/* ]]> *\/\n<\/script>","thumbnail_url":"https:\/\/consejoderectores.cl\/wp-content\/uploads\/2014\/08\/Premio-Nacional-CsAplic-2014.jpg","thumbnail_width":904,"thumbnail_height":650,"description":"El jurado presidido por el ministro de Educaci\u00f3n, Nicol\u00e1s Eyzaguirre, decidi\u00f3 otorgar el Premio Nacional de Ciencias Aplicadas y Tecnol\u00f3gicas 2014 al ingeniero civil y rector de la Universidad T\u00e9cnica Federico Santa Mar\u00eda, Jos\u00e9 Rodr\u00edguez P\u00e9rez. El viernes 22 de agosto el jurado resolvi\u00f3, por unanimidad, otorgar el Premio Nacional de Ciencias Aplicadas y Tecnol\u00f3gicas [&hellip;]"}