{"version":"1.0","provider_name":"Council of Rectors of Chilean Universities","provider_url":"https:\/\/consejoderectores.cl\/en","title":"T\u00e9cnicos del Sistema \u00danico de Admisi\u00f3n y del DEMRE estudian alternativas para estudiantes de liceo de San Bernardo - Consejo de Rectoras y Rectores de las Universidades Chilenas","type":"rich","width":600,"height":338,"html":"<blockquote class=\"wp-embedded-content\" data-secret=\"CM6KruaSA6\"><a href=\"https:\/\/consejoderectores.cl\/en\/2013\/12\/05\/603c6d80774b8\/\">Technicians from the Unified Admission System and DEMRE are studying alternatives for high school students in San Bernardo<\/a><\/blockquote><iframe sandbox=\"allow-scripts\" security=\"restricted\" src=\"https:\/\/consejoderectores.cl\/en\/2013\/12\/05\/603c6d80774b8\/embed\/#?secret=CM6KruaSA6\" width=\"600\" height=\"338\" title=\"&#8220;T\u00e9cnicos del Sistema \u00danico de Admisi\u00f3n y del DEMRE estudian alternativas para estudiantes de liceo de San Bernardo&#8221; &#8212; Consejo de Rectoras y Rectores de las Universidades Chilenas\" data-secret=\"CM6KruaSA6\" frameborder=\"0\" marginwidth=\"0\" marginheight=\"0\" scrolling=\"no\" class=\"wp-embedded-content\"><\/iframe><script type=\"text\/javascript\">\n\/* <![CDATA[ *\/\n\/*! This file is auto-generated *\/\n!function(d,l){\"use strict\";l.querySelector&&d.addEventListener&&\"undefined\"!=typeof URL&&(d.wp=d.wp||{},d.wp.receiveEmbedMessage||(d.wp.receiveEmbedMessage=function(e){var t=e.data;if((t||t.secret||t.message||t.value)&&!\/[^a-zA-Z0-9]\/.test(t.secret)){for(var s,r,n,a=l.querySelectorAll('iframe[data-secret=\"'+t.secret+'\"]'),o=l.querySelectorAll('blockquote[data-secret=\"'+t.secret+'\"]'),c=new RegExp(\"^https?:$\",\"i\"),i=0;i<o.length;i++)o[i].style.display=\"none\";for(i=0;i<a.length;i++)s=a[i],e.source===s.contentWindow&&(s.removeAttribute(\"style\"),\"height\"===t.message?(1e3<(r=parseInt(t.value,10))?r=1e3:~~r<200&&(r=200),s.height=r):\"link\"===t.message&&(r=new URL(s.getAttribute(\"src\")),n=new URL(t.value),c.test(n.protocol))&&n.host===r.host&&l.activeElement===s&&(d.top.location.href=t.value))}},d.addEventListener(\"message\",d.wp.receiveEmbedMessage,!1),l.addEventListener(\"DOMContentLoaded\",function(){for(var e,t,s=l.querySelectorAll(\"iframe.wp-embedded-content\"),r=0;r<s.length;r++)(t=(e=s[r]).getAttribute(\"data-secret\"))||(t=Math.random().toString(36).substring(2,12),e.src+=\"#?secret=\"+t,e.setAttribute(\"data-secret\",t)),e.contentWindow.postMessage({message:\"ready\",secret:t},\"*\")},!1)))}(window,document);\n\/\/# sourceURL=https:\/\/consejoderectores.cl\/wp-includes\/js\/wp-embed.min.js\n\/* ]]> *\/\n<\/script>","thumbnail_url":"https:\/\/consejoderectores.cl\/wp-content\/uploads\/2021\/10\/declaraciones-publicas.jpg","thumbnail_width":1024,"thumbnail_height":500,"description":"La decisi\u00f3n se comunicar\u00e1 a los estudiantes afectados el d\u00eda viernes, ratific\u00f3 la directora ejecutiva del Sistema \u00danico de Admisi\u00f3n, Mar\u00eda Elena Gonz\u00e1lez. La directora ejecutiva del Sistema \u00danico de Admisi\u00f3n (SUA) del Consejo de Rectores (CRUCH), Mar\u00eda Elena Gonz\u00e1lez, inform\u00f3 que un equipo de profesionales del Sistema de Admisi\u00f3n y del Departamento de Evaluaci\u00f3n, [&hellip;]"}