{"version":"1.0","provider_name":"Council of Rectors of Chilean Universities","provider_url":"https:\/\/consejoderectores.cl\/en","title":"Consejo de Rectores se reuni\u00f3 con la candidata Michelle Bachelet para dialogar sobre educaci\u00f3n superior - Consejo de Rectoras y Rectores de las Universidades Chilenas","type":"rich","width":600,"height":338,"html":"<blockquote class=\"wp-embedded-content\" data-secret=\"pvBoXF8p0s\"><a href=\"https:\/\/consejoderectores.cl\/en\/2013\/09\/26\/603c6d80764b6\/\">Council of Rectors met with candidate Michelle Bachelet to discuss higher education<\/a><\/blockquote><iframe sandbox=\"allow-scripts\" security=\"restricted\" src=\"https:\/\/consejoderectores.cl\/en\/2013\/09\/26\/603c6d80764b6\/embed\/#?secret=pvBoXF8p0s\" width=\"600\" height=\"338\" title=\"&#8220;Consejo de Rectores se reuni\u00f3 con la candidata Michelle Bachelet para dialogar sobre educaci\u00f3n superior&#8221; &#8212; Consejo de Rectoras y Rectores de las Universidades Chilenas\" data-secret=\"pvBoXF8p0s\" frameborder=\"0\" marginwidth=\"0\" marginheight=\"0\" scrolling=\"no\" class=\"wp-embedded-content\"><\/iframe><script type=\"text\/javascript\">\n\/* <![CDATA[ *\/\n\/*! This file is auto-generated *\/\n!function(d,l){\"use strict\";l.querySelector&&d.addEventListener&&\"undefined\"!=typeof URL&&(d.wp=d.wp||{},d.wp.receiveEmbedMessage||(d.wp.receiveEmbedMessage=function(e){var t=e.data;if((t||t.secret||t.message||t.value)&&!\/[^a-zA-Z0-9]\/.test(t.secret)){for(var s,r,n,a=l.querySelectorAll('iframe[data-secret=\"'+t.secret+'\"]'),o=l.querySelectorAll('blockquote[data-secret=\"'+t.secret+'\"]'),c=new RegExp(\"^https?:$\",\"i\"),i=0;i<o.length;i++)o[i].style.display=\"none\";for(i=0;i<a.length;i++)s=a[i],e.source===s.contentWindow&&(s.removeAttribute(\"style\"),\"height\"===t.message?(1e3<(r=parseInt(t.value,10))?r=1e3:~~r<200&&(r=200),s.height=r):\"link\"===t.message&&(r=new URL(s.getAttribute(\"src\")),n=new URL(t.value),c.test(n.protocol))&&n.host===r.host&&l.activeElement===s&&(d.top.location.href=t.value))}},d.addEventListener(\"message\",d.wp.receiveEmbedMessage,!1),l.addEventListener(\"DOMContentLoaded\",function(){for(var e,t,s=l.querySelectorAll(\"iframe.wp-embedded-content\"),r=0;r<s.length;r++)(t=(e=s[r]).getAttribute(\"data-secret\"))||(t=Math.random().toString(36).substring(2,12),e.src+=\"#?secret=\"+t,e.setAttribute(\"data-secret\",t)),e.contentWindow.postMessage({message:\"ready\",secret:t},\"*\")},!1)))}(window,document);\n\/\/# sourceURL=https:\/\/consejoderectores.cl\/wp-includes\/js\/wp-embed.min.js\n\/* ]]> *\/\n<\/script>","thumbnail_url":"https:\/\/consejoderectores.cl\/wp-content\/uploads\/2021\/10\/declaraciones-publicas.jpg","thumbnail_width":1024,"thumbnail_height":500,"description":"El Consejo de Rectores recibi\u00f3 la visita de la candidata presidencial Michelle Bachelet, quien expuso acerca de los desaf\u00edos del pa\u00eds en educaci\u00f3n superior y sus propuestas en la materia. Esta reuni\u00f3n es parte de una serie de di\u00e1logos que el CRUCH mantendr\u00e1 con los candidatos presidenciales. Los desaf\u00edos y las propuestas en educaci\u00f3n superior [&hellip;]"}